{"id":2535,"date":"2023-03-29T15:47:09","date_gmt":"2023-03-29T14:47:09","guid":{"rendered":"https:\/\/montsecactiva.compsa.net\/quienes-somos\/"},"modified":"2023-06-05T12:29:33","modified_gmt":"2023-06-05T11:29:33","slug":"quienes-somos","status":"publish","type":"page","link":"https:\/\/montsecactiva.compsa.net\/es\/quienes-somos\/","title":{"rendered":"Qui\u00e9nes somos"},"content":{"rendered":"<p><div class=\"fusion-fullwidth fullwidth-box fusion-builder-row-1 fusion-flex-container has-pattern-background has-mask-background nonhundred-percent-fullwidth non-hundred-percent-height-scrolling\" style=\"--awb-border-radius-top-left:0px;--awb-border-radius-top-right:0px;--awb-border-radius-bottom-right:0px;--awb-border-radius-bottom-left:0px;--awb-padding-top:3%;--awb-padding-bottom:4%;--awb-background-color:var(--awb-color3);\" ><div class=\"fusion-builder-row fusion-row fusion-flex-align-items-center\" style=\"max-width:1216.8px;margin-left: calc(-4% \/ 2 );margin-right: calc(-4% \/ 2 );\"><div class=\"fusion-layout-column fusion_builder_column fusion-builder-column-0 fusion_builder_column_1_1 1_1 fusion-flex-column\" style=\"--awb-bg-size:cover;--awb-width-large:100%;--awb-margin-top-large:15px;--awb-spacing-right-large:1.92%;--awb-margin-bottom-large:15px;--awb-spacing-left-large:1.92%;--awb-width-medium:100%;--awb-order-medium:0;--awb-spacing-right-medium:1.92%;--awb-spacing-left-medium:1.92%;--awb-width-small:100%;--awb-order-small:0;--awb-spacing-right-small:1.92%;--awb-spacing-left-small:1.92%;\"><div class=\"fusion-column-wrapper fusion-column-has-shadow fusion-flex-justify-content-flex-start fusion-content-layout-column\"><div class=\"fusion-title title fusion-title-1 fusion-sep-none fusion-title-center fusion-title-text fusion-title-size-one\" style=\"--awb-text-color:var(--awb-color1);\"><h1 class=\"title-heading-center fusion-responsive-typography-calculated\" style=\"margin:0;text-transform:uppercase;--fontSize:85;line-height:var(--awb-typography1-line-height);\">MONTSEC ACTIVA<\/h1><\/div><div class=\"fusion-title title fusion-title-2 fusion-sep-none fusion-title-center fusion-title-text fusion-title-size-two\" style=\"--awb-text-color:var(--awb-color7);--awb-margin-top:-7%;\"><h2 class=\"title-heading-center fusion-responsive-typography-calculated\" style=\"margin:0;text-transform:capitalize;--fontSize:60;line-height:1;\">Montsec Activa<\/h2><\/div><div class=\"fusion-separator fusion-full-width-sep\" style=\"align-self: center;margin-left: auto;margin-right: auto;margin-top:50px;width:100%;\"><\/div><div class=\"fusion-text fusion-text-1\"><p><b><strong>Montsec Activa<\/strong><\/b> es una empresa especializada en turismo activo y las actividades en la naturaleza, fundada en 2005. Somos profesionales en el sector y nuestro objetivo principal es cuidar todos los detalles, para garantizar que nuestras actividades se desarrollen con \u00e9xito.<\/p>\n<p><b><strong>Montsec Activa<\/strong><\/b> esta inscrita en el registro de<b><strong>\u2019Empresas Organizadoras de Actividades Fisicoesportivas en el Medio Natural <\/strong><\/b>de la Generalitat de Catalunya con n\u00ba C 179 y \u00e9s <b><strong>Empresa Adherida a la Federacion Catalana de Pirag\u00fcismo<\/strong><\/b>.<\/p>\n<\/div><\/div><\/div><div class=\"fusion-layout-column fusion_builder_column fusion-builder-column-1 fusion_builder_column_1_3 1_3 fusion-flex-column fusion-animated\" style=\"--awb-padding-right:8%;--awb-padding-left:8%;--awb-overflow:hidden;--awb-bg-position:right center;--awb-bg-blend:multiply;--awb-bg-size:cover;--awb-box-shadow:1px 1px 5px 0px var(--awb-color6);;--awb-border-radius:0px 25px 0px 25px;--awb-width-large:33.333333333333%;--awb-margin-top-large:-2%;--awb-spacing-right-large:15px;--awb-margin-bottom-large:15px;--awb-spacing-left-large:15px;--awb-width-medium:33.333333333333%;--awb-order-medium:0;--awb-spacing-right-medium:15px;--awb-spacing-left-medium:15px;--awb-width-small:100%;--awb-order-small:0;--awb-spacing-right-small:1.92%;--awb-spacing-left-small:1.92%;\" data-animationType=\"fadeInDown\" data-animationDuration=\"0.6\" data-animationDelay=\"0.8\" data-animationOffset=\"top-into-view\"><div class=\"fusion-column-wrapper lazyload fusion-column-has-shadow fusion-flex-justify-content-flex-end fusion-content-layout-column\" data-bg-url=\"https:\/\/montsecactiva.compsa.net\/wp-content\/uploads\/2023\/03\/1.jpg\" data-bg=\"https:\/\/montsecactiva.compsa.net\/wp-content\/uploads\/2023\/03\/1.jpg\"><div class=\"fusion-separator fusion-full-width-sep\" style=\"align-self: center;margin-left: auto;margin-right: auto;margin-top:216%;width:100%;\"><\/div><\/div><\/div><div class=\"fusion-layout-column fusion_builder_column fusion-builder-column-2 fusion_builder_column_1_3 1_3 fusion-flex-column fusion-animated\" style=\"--awb-padding-right:8%;--awb-overflow:hidden;--awb-bg-position:left center;--awb-bg-blend:multiply;--awb-bg-size:cover;--awb-box-shadow:1px 1px 5px 0px var(--awb-color6);;--awb-border-radius:25px 0px 25px 0px;--awb-width-large:33.333333333333%;--awb-margin-top-large:3%;--awb-spacing-right-large:15px;--awb-margin-bottom-large:15px;--awb-spacing-left-large:5.76%;--awb-width-medium:33.333333333333%;--awb-order-medium:0;--awb-spacing-right-medium:15px;--awb-spacing-left-medium:5.76%;--awb-width-small:100%;--awb-order-small:0;--awb-spacing-right-small:1.92%;--awb-spacing-left-small:1.92%;\" data-animationType=\"fadeInLeft\" data-animationDuration=\"0.6\" data-animationDelay=\"0.2\" data-animationOffset=\"top-into-view\"><div class=\"fusion-column-wrapper lazyload fusion-column-has-shadow fusion-flex-justify-content-flex-end fusion-content-layout-column\" data-bg-url=\"https:\/\/montsecactiva.compsa.net\/wp-content\/uploads\/2023\/04\/3.jpg\" data-bg=\"https:\/\/montsecactiva.compsa.net\/wp-content\/uploads\/2023\/04\/3.jpg\"><div class=\"fusion-separator fusion-full-width-sep\" style=\"align-self: center;margin-left: auto;margin-right: auto;margin-top:200%;width:100%;\"><\/div><\/div><\/div><div class=\"fusion-layout-column fusion_builder_column fusion-builder-column-3 fusion_builder_column_1_3 1_3 fusion-flex-column fusion-animated\" style=\"--awb-padding-right:8%;--awb-padding-left:8%;--awb-overflow:hidden;--awb-bg-position:right center;--awb-bg-blend:multiply;--awb-bg-size:cover;--awb-box-shadow:1px 1px 5px 0px var(--awb-color6);;--awb-border-radius:0px 25px 0px 25px;--awb-width-large:33.333333333333%;--awb-margin-top-large:-2%;--awb-spacing-right-large:15px;--awb-margin-bottom-large:15px;--awb-spacing-left-large:15px;--awb-width-medium:33.333333333333%;--awb-order-medium:0;--awb-spacing-right-medium:15px;--awb-spacing-left-medium:15px;--awb-width-small:100%;--awb-order-small:0;--awb-spacing-right-small:1.92%;--awb-spacing-left-small:1.92%;\" data-animationType=\"fadeInDown\" data-animationDuration=\"0.6\" data-animationDelay=\"0.8\" data-animationOffset=\"top-into-view\"><div class=\"fusion-column-wrapper lazyload fusion-column-has-shadow fusion-flex-justify-content-flex-end fusion-content-layout-column\" data-bg-url=\"https:\/\/montsecactiva.compsa.net\/wp-content\/uploads\/2023\/04\/6.jpg\" data-bg=\"https:\/\/montsecactiva.compsa.net\/wp-content\/uploads\/2023\/04\/6.jpg\"><div class=\"fusion-separator fusion-full-width-sep\" style=\"align-self: center;margin-left: auto;margin-right: auto;margin-top:216%;width:100%;\"><\/div><\/div><\/div><\/div><\/div><div id=\"dondeestamos\" class=\"fusion-container-anchor\"><div class=\"fusion-fullwidth fullwidth-box fusion-builder-row-2 fusion-flex-container has-pattern-background has-mask-background nonhundred-percent-fullwidth non-hundred-percent-height-scrolling\" style=\"--link_color: var(--awb-color7);--awb-border-radius-top-left:0px;--awb-border-radius-top-right:0px;--awb-border-radius-bottom-right:0px;--awb-border-radius-bottom-left:0px;--awb-padding-top:3%;--awb-padding-bottom:3%;--awb-background-color:var(--awb-color7);\" ><div class=\"fusion-builder-row fusion-row fusion-flex-align-items-center\" style=\"max-width:1216.8px;margin-left: calc(-4% \/ 2 );margin-right: calc(-4% \/ 2 );\"><div class=\"fusion-layout-column fusion_builder_column fusion-builder-column-4 fusion_builder_column_1_1 1_1 fusion-flex-column\" style=\"--awb-bg-size:cover;--awb-width-large:100%;--awb-margin-top-large:15px;--awb-spacing-right-large:1.92%;--awb-margin-bottom-large:15px;--awb-spacing-left-large:1.92%;--awb-width-medium:100%;--awb-order-medium:0;--awb-spacing-right-medium:1.92%;--awb-spacing-left-medium:1.92%;--awb-width-small:100%;--awb-order-small:0;--awb-spacing-right-small:1.92%;--awb-spacing-left-small:1.92%;\"><div class=\"fusion-column-wrapper fusion-column-has-shadow fusion-flex-justify-content-flex-start fusion-content-layout-column\"><div class=\"fusion-title title fusion-title-3 fusion-sep-none fusion-title-center fusion-title-text fusion-title-size-one\" style=\"--awb-text-color:rgba(255,255,255,0.2);\"><h1 class=\"title-heading-center fusion-responsive-typography-calculated\" style=\"margin:0;text-transform:uppercase;--fontSize:85;line-height:var(--awb-typography1-line-height);\">DONDE ESTAMOS<\/h1><\/div><div class=\"fusion-title title fusion-title-4 fusion-sep-none fusion-title-center fusion-title-text fusion-title-size-two\" style=\"--awb-text-color:var(--awb-color1);--awb-margin-top:-7%;\"><h2 class=\"title-heading-center fusion-responsive-typography-calculated\" style=\"margin:0;text-transform:capitalize;--fontSize:60;line-height:1;\">Donde estamos<\/h2><\/div><\/div><\/div><div class=\"fusion-layout-column fusion_builder_column fusion-builder-column-5 fusion_builder_column_1_2 1_2 fusion-flex-column fusion-animated\" style=\"--awb-overflow:hidden;--awb-bg-color:var(--awb-color2);--awb-bg-position:right center;--awb-bg-blend:multiply;--awb-bg-size:cover;--awb-box-shadow:1px 1px 5px 0px var(--awb-color6);;--awb-border-radius:0px 25px 0px 25px;--awb-width-large:50%;--awb-margin-top-large:15px;--awb-spacing-right-large:15px;--awb-margin-bottom-large:15px;--awb-spacing-left-large:15px;--awb-width-medium:50%;--awb-order-medium:0;--awb-spacing-right-medium:15px;--awb-spacing-left-medium:15px;--awb-width-small:100%;--awb-order-small:0;--awb-spacing-right-small:1.92%;--awb-spacing-left-small:1.92%;\" data-animationType=\"fadeInDown\" data-animationDuration=\"0.6\" data-animationDelay=\"0.8\" data-animationOffset=\"top-into-view\"><div class=\"fusion-column-wrapper fusion-column-has-shadow fusion-flex-justify-content-flex-end fusion-content-layout-column\"><div class=\"fusion-builder-row fusion-builder-row-inner fusion-row fusion-flex-align-items-center\" style=\"width:104% !important;max-width:104% !important;margin-left: calc(-4% \/ 2 );margin-right: calc(-4% \/ 2 );\"><div class=\"fusion-layout-column fusion_builder_column_inner fusion-builder-nested-column-0 fusion_builder_column_inner_1_1 1_1 fusion-flex-column\" style=\"--awb-bg-size:cover;--awb-width-large:100%;--awb-margin-top-large:0px;--awb-spacing-right-large:1.92%;--awb-margin-bottom-large:0px;--awb-spacing-left-large:1.92%;--awb-width-medium:100%;--awb-order-medium:0;--awb-spacing-right-medium:1.92%;--awb-spacing-left-medium:1.92%;--awb-width-small:100%;--awb-order-small:0;--awb-spacing-right-small:1.92%;--awb-spacing-left-small:1.92%;\"><div class=\"fusion-column-wrapper lazyload fusion-column-has-shadow fusion-flex-justify-content-flex-start fusion-content-layout-column\" data-bg-url=\"https:\/\/montsecactiva.compsa.net\/wp-content\/uploads\/2023\/03\/oficina-montsec-activa.jpg\" data-bg=\"https:\/\/montsecactiva.compsa.net\/wp-content\/uploads\/2023\/03\/oficina-montsec-activa.jpg\"><div class=\"fusion-separator fusion-full-width-sep\" style=\"align-self: center;margin-left: auto;margin-right: auto;margin-top:75%;width:100%;\"><\/div><\/div><\/div><div class=\"fusion-layout-column fusion_builder_column_inner fusion-builder-nested-column-1 fusion_builder_column_inner_1_1 1_1 fusion-flex-column\" style=\"--awb-padding-right:5%;--awb-padding-left:5%;--awb-bg-size:cover;--awb-width-large:100%;--awb-margin-top-large:15px;--awb-spacing-right-large:1.92%;--awb-margin-bottom-large:15px;--awb-spacing-left-large:1.92%;--awb-width-medium:100%;--awb-order-medium:0;--awb-spacing-right-medium:1.92%;--awb-spacing-left-medium:1.92%;--awb-width-small:100%;--awb-order-small:0;--awb-spacing-right-small:1.92%;--awb-spacing-left-small:1.92%;\"><div class=\"fusion-column-wrapper fusion-column-has-shadow fusion-flex-justify-content-flex-start fusion-content-layout-column\"><div class=\"fusion-text fusion-text-2\"><div>\n<h4 style=\"text-align: center;\"><strong>Oficinas Montsec Activa<\/strong><\/h4>\n<\/div>\n<div style=\"text-align: center;\"><i class=\"fa fa-location-arrow\"><\/i> Calle la Font, 11<br \/>\n25691 \u00c0ger, la Noguera, Lleida, Catalu\u00f1a, Espa\u00f1a<\/div>\n<p style=\"text-align: center;\"><i class=\"fa fa-phone\"><\/i> <a href=\"tel:+34636561204\">+34 636 56 12 04<\/a><\/p>\n<div style=\"text-align: center;\"><i class=\"fa fa-envelope\"><\/i> <a href=\"mailto:info@montsecactiva.compsa.net\">info@montsecactiva.compsa.net<\/a><\/div>\n<div style=\"text-align: center;\"><i class=\"fa fa-link\"><\/i> <a href=\"https:\/\/montsecactiva.compsa.net\/es\/\" target=\"_blank\" rel=\"noopener\">www.montsecactiva.compsa.net<\/a><\/div>\n<div style=\"text-align: center;\"> <i class=\"fa fa-map-marker\"><\/i> Lat: 42.001261 N<br \/>\nLong: 0.762548 E<\/div>\n<\/div><div style=\"text-align:center;\"><a class=\"fusion-button button-flat fusion-button-default-size button-default fusion-button-default button-1 fusion-button-default-span fusion-button-default-type\" target=\"_self\" href=\"https:\/\/goo.gl\/maps\/bxqLzcMNvaCL8tmcA\"><i class=\"fa-map-marked-alt fas button-icon-left\" aria-hidden=\"true\"><\/i><span class=\"fusion-button-text\">Abrir en Maps<\/span><\/a><\/div><\/div><\/div><\/div><\/div><\/div><div class=\"fusion-layout-column fusion_builder_column fusion-builder-column-6 fusion_builder_column_1_2 1_2 fusion-flex-column fusion-animated\" style=\"--awb-overflow:hidden;--awb-bg-color:var(--awb-color2);--awb-bg-position:right center;--awb-bg-blend:multiply;--awb-bg-size:cover;--awb-box-shadow:1px 1px 5px 0px var(--awb-color6);;--awb-border-radius:0px 25px 0px 25px;--awb-width-large:50%;--awb-margin-top-large:15px;--awb-spacing-right-large:15px;--awb-margin-bottom-large:15px;--awb-spacing-left-large:15px;--awb-width-medium:50%;--awb-order-medium:0;--awb-spacing-right-medium:15px;--awb-spacing-left-medium:15px;--awb-width-small:100%;--awb-order-small:0;--awb-spacing-right-small:1.92%;--awb-spacing-left-small:1.92%;\" data-animationType=\"fadeInDown\" data-animationDuration=\"0.6\" data-animationDelay=\"0.8\" data-animationOffset=\"top-into-view\"><div class=\"fusion-column-wrapper fusion-column-has-shadow fusion-flex-justify-content-flex-end fusion-content-layout-column\"><div class=\"fusion-builder-row fusion-builder-row-inner fusion-row fusion-flex-align-items-center\" style=\"width:104% !important;max-width:104% !important;margin-left: calc(-4% \/ 2 );margin-right: calc(-4% \/ 2 );\"><div class=\"fusion-layout-column fusion_builder_column_inner fusion-builder-nested-column-2 fusion_builder_column_inner_1_1 1_1 fusion-flex-column\" style=\"--awb-bg-size:cover;--awb-width-large:100%;--awb-margin-top-large:0px;--awb-spacing-right-large:1.92%;--awb-margin-bottom-large:0px;--awb-spacing-left-large:1.92%;--awb-width-medium:100%;--awb-order-medium:0;--awb-spacing-right-medium:1.92%;--awb-spacing-left-medium:1.92%;--awb-width-small:100%;--awb-order-small:0;--awb-spacing-right-small:1.92%;--awb-spacing-left-small:1.92%;\"><div class=\"fusion-column-wrapper lazyload fusion-column-has-shadow fusion-flex-justify-content-flex-start fusion-content-layout-column\" data-bg-url=\"https:\/\/montsecactiva.compsa.net\/wp-content\/uploads\/2023\/03\/base-nautica-de-corca.jpg\" data-bg=\"https:\/\/montsecactiva.compsa.net\/wp-content\/uploads\/2023\/03\/base-nautica-de-corca.jpg\"><div class=\"fusion-separator fusion-full-width-sep\" style=\"align-self: center;margin-left: auto;margin-right: auto;margin-top:75%;width:100%;\"><\/div><\/div><\/div><div class=\"fusion-layout-column fusion_builder_column_inner fusion-builder-nested-column-3 fusion_builder_column_inner_1_1 1_1 fusion-flex-column\" style=\"--awb-padding-right:5%;--awb-padding-left:5%;--awb-bg-size:cover;--awb-width-large:100%;--awb-margin-top-large:15px;--awb-spacing-right-large:1.92%;--awb-margin-bottom-large:15px;--awb-spacing-left-large:1.92%;--awb-width-medium:100%;--awb-order-medium:0;--awb-spacing-right-medium:1.92%;--awb-spacing-left-medium:1.92%;--awb-width-small:100%;--awb-order-small:0;--awb-spacing-right-small:1.92%;--awb-spacing-left-small:1.92%;\"><div class=\"fusion-column-wrapper fusion-column-has-shadow fusion-flex-justify-content-flex-start fusion-content-layout-column\"><div class=\"fusion-text fusion-text-3\"><div>\n<h4 style=\"text-align: center;\"><strong>Base N\u00e1utica Montsec Activa (Cor\u00e7\u00e0)<\/strong><\/h4>\n<\/div>\n<div style=\"text-align: center;\">\n<p><strong>APARCAMIENTO GRATUITO Y SIN RESERVA<\/strong><br \/>\nNuestra base esta situada en el embalse de Canelles en el pueblecito de Cor\u00e7\u00e0 (\u00c0ger). <strong>Desde aqu\u00ed se inician nuestras actividades.<\/strong><\/p>\n<p><i class=\"fa fa-map-marker\"><\/i> Lat: 42.029328 N<br \/>\nLong: 0.664720 E<\/p>\n<\/div>\n<\/div><div style=\"text-align:center;\"><a class=\"fusion-button button-flat fusion-button-default-size button-default fusion-button-default button-2 fusion-button-default-span fusion-button-default-type\" target=\"_self\" href=\"https:\/\/goo.gl\/maps\/ofaN67WzQVdd6RCW8\"><i class=\"fa-map-marked-alt fas button-icon-left\" aria-hidden=\"true\"><\/i><span class=\"fusion-button-text\">Abrir en Maps<\/span><\/a><\/div><\/div><\/div><\/div><\/div><\/div><\/div><\/div><\/div><div id=\"alojamiento\" class=\"fusion-container-anchor\"><div class=\"fusion-fullwidth fullwidth-box fusion-builder-row-3 fusion-flex-container has-pattern-background has-mask-background nonhundred-percent-fullwidth non-hundred-percent-height-scrolling\" style=\"--awb-border-radius-top-left:0px;--awb-border-radius-top-right:0px;--awb-border-radius-bottom-right:0px;--awb-border-radius-bottom-left:0px;--awb-padding-top:0px;--awb-background-color:var(--awb-color1);\" ><div class=\"fusion-builder-row fusion-row fusion-flex-align-items-flex-start\" style=\"max-width:1216.8px;margin-left: calc(-4% \/ 2 );margin-right: calc(-4% \/ 2 );\"><div class=\"fusion-layout-column fusion_builder_column fusion-builder-column-7 fusion_builder_column_1_1 1_1 fusion-flex-column\" style=\"--awb-bg-size:cover;--awb-width-large:100%;--awb-margin-top-large:0px;--awb-spacing-right-large:1.92%;--awb-margin-bottom-large:30px;--awb-spacing-left-large:1.92%;--awb-width-medium:100%;--awb-order-medium:0;--awb-spacing-right-medium:1.92%;--awb-spacing-left-medium:1.92%;--awb-width-small:100%;--awb-order-small:0;--awb-spacing-right-small:1.92%;--awb-spacing-left-small:1.92%;\"><div class=\"fusion-column-wrapper fusion-column-has-shadow fusion-flex-justify-content-flex-start fusion-content-layout-column\"><div class=\"fusion-section-separator section-separator waves-opacity fusion-section-separator-1\" style=\"--awb-spacer-padding-top:inherit;--awb-svg-margin-left:1.92%;--awb-svg-margin-right:1.92%;--awb-svg-margin-left-medium:1.92%;--awb-svg-margin-right-medium:1.92%;--awb-svg-margin-left-small:1.92%;--awb-svg-margin-right-small:1.92%;--awb-divider-height:120px;--awb-spacer-height:120px;--awb-sep-font-size:0;--awb-sep-line-height:0;\"><div class=\"fusion-section-separator-svg\"><svg class=\"fusion-waves-opacity-candy\" fill=\"var(--awb-color7)\" xmlns=\"http:\/\/www.w3.org\/2000\/svg\" version=\"1.1\" width=\"100%\" viewBox=\"0 1 1024 216\" preserveAspectRatio=\"none\" fill=\"rgba(1,26,93,1)\"><path class=\"st0\" d=\"M1024.1.4H.1L0 105.6c14.6 3.2 30.2 5.8 47.1 7.6 178.6 19.6 279.5-56.8 464.3-41.3 206.5 17.2 248.4 128.8 455 143.8 19 1.3 38.3.2 57.7-.3V.4z\"\/>\n\t\t\t\t\t\t\t\t\t\t<path class=\"st1\" d=\"M1024.1 196.4V.256H.1V80C22.8 86.4 48 91.4 76.3 94.6c178.6 19.8 272.2-53.9 457.1-38.4C740 73.4 730.7 180.9 937.3 196c27.2 2 56.6 2 86.8.4z\"\/>\n\t\t\t\t\t\t\t\t\t\t<path class=\"st2\" d=\"M1024.1.256H.1V36c45.1 15.4 95.2 27.7 150 33.7 178.6 19.8 220.6-46.8 405.4-31.3 206.6 17.2 197.8 114.7 404.4 129.7 20.4 1.5 42 2 64.2 1.7V.256z\"\/>\n\t\t\t\t\t\t\t\t\t\t<path class=\"st3\" d=\"M1024.1.156H.1V3.2c50.8 17.1 108.7 30.7 172.7 37.9 178.6 19.8 220-36.8 404.9-21.3 206.6 17.2 228 126.5 434.5 141.6 3.9.3 7.9.5 11.9.7V.156z\"\/>\n\t\t\t\t\t\t\t\t\t<\/svg><\/div><div class=\"fusion-section-separator-spacer\"><div class=\"fusion-section-separator-spacer-height\"><\/div><\/div><\/div><\/div><\/div><div class=\"fusion-layout-column fusion_builder_column fusion-builder-column-8 fusion_builder_column_1_1 1_1 fusion-flex-column\" style=\"--awb-bg-size:cover;--awb-width-large:100%;--awb-margin-top-large:15px;--awb-spacing-right-large:1.92%;--awb-margin-bottom-large:15px;--awb-spacing-left-large:1.92%;--awb-width-medium:100%;--awb-order-medium:0;--awb-spacing-right-medium:1.92%;--awb-spacing-left-medium:1.92%;--awb-width-small:100%;--awb-order-small:0;--awb-spacing-right-small:1.92%;--awb-spacing-left-small:1.92%;\"><div class=\"fusion-column-wrapper fusion-column-has-shadow fusion-flex-justify-content-flex-start fusion-content-layout-column\"><div class=\"fusion-title title fusion-title-5 fusion-sep-none fusion-title-center fusion-title-text fusion-title-size-one\" style=\"--awb-text-color:var(--awb-color3);\"><h1 class=\"title-heading-center fusion-responsive-typography-calculated\" style=\"margin:0;text-transform:uppercase;--fontSize:85;line-height:var(--awb-typography1-line-height);\">ALOJAMIENTOS PR\u00d3XIMOS<\/h1><\/div><div class=\"fusion-title title fusion-title-6 fusion-sep-none fusion-title-center fusion-title-text fusion-title-size-two\" style=\"--awb-text-color:var(--awb-color5);--awb-margin-top:-7%;\"><h2 class=\"title-heading-center fusion-responsive-typography-calculated\" style=\"margin:0;text-transform:capitalize;--fontSize:60;line-height:1;\">Alojamientos Pr\u00f3ximos<\/h2><\/div><\/div><\/div><div class=\"fusion-layout-column fusion_builder_column fusion-builder-column-9 fusion_builder_column_1_1 1_1 fusion-flex-column fusion-flex-align-self-center\" style=\"--awb-padding-top:15px;--awb-padding-bottom:15px;--awb-bg-color:var(--awb-color5);--awb-bg-size:cover;--awb-width-large:100%;--awb-margin-top-large:15px;--awb-spacing-right-large:1.92%;--awb-margin-bottom-large:-10px;--awb-spacing-left-large:1.92%;--awb-width-medium:100%;--awb-order-medium:0;--awb-spacing-right-medium:1.92%;--awb-spacing-left-medium:1.92%;--awb-width-small:100%;--awb-order-small:0;--awb-spacing-right-small:1.92%;--awb-spacing-left-small:1.92%;\"><div class=\"fusion-column-wrapper fusion-column-has-shadow fusion-flex-justify-content-center fusion-content-layout-column\"><div class=\"fusion-text fusion-text-4 fusion-text-no-margin\" style=\"--awb-content-alignment:center;--awb-text-color:var(--awb-color1);\"><p>Servicio de taxi \u00c0ger<\/p>\n<\/div><\/div><\/div><div class=\"fusion-layout-column fusion_builder_column fusion-builder-column-10 fusion_builder_column_1_1 1_1 fusion-flex-column\" style=\"--awb-bg-size:cover;--awb-width-large:100%;--awb-margin-top-large:15px;--awb-spacing-right-large:1.92%;--awb-margin-bottom-large:15px;--awb-spacing-left-large:1.92%;--awb-width-medium:100%;--awb-order-medium:0;--awb-spacing-right-medium:1.92%;--awb-spacing-left-medium:1.92%;--awb-width-small:100%;--awb-order-small:0;--awb-spacing-right-small:1.92%;--awb-spacing-left-small:1.92%;\"><div class=\"fusion-column-wrapper fusion-column-has-shadow fusion-flex-justify-content-flex-start fusion-content-layout-column\">\n<section class=\"avia_codeblock_section avia_code_block_0\">\n<div class=\"table-1\">\n<table class=\"footable footable-loaded default\">\n<thead>\n<tr>\n<th class=\"footable-sortable footable-first-column\">NOMBRE<\/th>\n<th class=\"footable-sortable\">TEL\u00c9FONO<\/th>\n<th class=\"footable-sortable\" data-hide=\"phone,tablet\">E-MAIL<\/th>\n<th class=\"footable-sortable\" data-hide=\"phone\">WEB<\/th>\n<th class=\"footable-sortable footable-last-column\" data-hide=\"phone,tablet\">LOCALIDAD<\/th>\n<\/tr>\n<\/thead>\n<tbody>\n<tr>\n<td class=\"footable-first-column\">Taxi Montsec<\/td>\n<td class=\"\">+34 644 797&nbsp; 802<\/td>\n<td><a href=\"mailto:taximontsec@gmail.com\">taximontsec@gmail.com<\/a><\/td>\n<td><a href=\"http:\/\/taximontsec.com\/\" target=\"_blank\" rel=\"noopener\">taximontsec.com<\/a><\/td>\n<td class=\"footable-last-column\">\u00c0ger<\/td>\n<\/tr>\n<\/tbody>\n<\/table>\n<\/div>\n<\/section>\n<\/div><\/div><div class=\"fusion-layout-column fusion_builder_column fusion-builder-column-11 fusion_builder_column_1_1 1_1 fusion-flex-column fusion-flex-align-self-center\" style=\"--awb-padding-top:15px;--awb-padding-bottom:15px;--awb-bg-color:var(--awb-color5);--awb-bg-size:cover;--awb-width-large:100%;--awb-margin-top-large:15px;--awb-spacing-right-large:1.92%;--awb-margin-bottom-large:-10px;--awb-spacing-left-large:1.92%;--awb-width-medium:100%;--awb-order-medium:0;--awb-spacing-right-medium:1.92%;--awb-spacing-left-medium:1.92%;--awb-width-small:100%;--awb-order-small:0;--awb-spacing-right-small:1.92%;--awb-spacing-left-small:1.92%;\"><div class=\"fusion-column-wrapper fusion-column-has-shadow fusion-flex-justify-content-center fusion-content-layout-column\"><div class=\"fusion-text fusion-text-5 fusion-text-no-margin\" style=\"--awb-content-alignment:center;--awb-text-color:var(--awb-color1);\"><p>Campings<\/p>\n<\/div><\/div><\/div><div class=\"fusion-layout-column fusion_builder_column fusion-builder-column-12 fusion_builder_column_1_1 1_1 fusion-flex-column\" style=\"--awb-bg-size:cover;--awb-width-large:100%;--awb-margin-top-large:15px;--awb-spacing-right-large:1.92%;--awb-margin-bottom-large:15px;--awb-spacing-left-large:1.92%;--awb-width-medium:100%;--awb-order-medium:0;--awb-spacing-right-medium:1.92%;--awb-spacing-left-medium:1.92%;--awb-width-small:100%;--awb-order-small:0;--awb-spacing-right-small:1.92%;--awb-spacing-left-small:1.92%;\"><div class=\"fusion-column-wrapper fusion-column-has-shadow fusion-flex-justify-content-flex-start fusion-content-layout-column\">\n<section class=\"avia_codeblock_section avia_code_block_0\">\n<div class=\"table-1\">\n<section class=\"avia_codeblock_section avia_code_block_1\">\n<div class=\"table-1\">\n<table class=\"footable footable-loaded default\">\n<thead>\n<tr>\n<th class=\"footable-sortable footable-first-column\">NOMBRE<\/th>\n<th class=\"footable-sortable\">TEL\u00c9FONO<\/th>\n<th class=\"footable-sortable\" data-hide=\"phone,tablet\">E-MAIL<\/th>\n<th class=\"footable-sortable\" data-hide=\"phone\">WEB<\/th>\n<th class=\"footable-sortable footable-last-column\" data-hide=\"phone,tablet\">LOCALIDAD<\/th>\n<\/tr>\n<\/thead>\n<tbody>\n<tr>\n<td class=\"footable-first-column\">Camping y Bungalows del Valle de \u00c0ger<\/td>\n<td class=\"\">+34 973 455 200<\/td>\n<td><a href=\"mailto:info@campingager.com\">info@campingager.com<\/a><\/td>\n<td><a href=\"http:\/\/campingager.com\/\" target=\"_blank\" rel=\"noopener\">campingager.com<\/a><\/td>\n<td class=\"footable-last-column\">\u00c0ger<\/td>\n<\/tr>\n<tr>\n<td class=\"footable-first-column\">Camping la Noguera<\/td>\n<td class=\"\">+34 973 420 334<\/td>\n<td><a href=\"mailto:info@campinglanoguera.com\">info@campinglanoguera.com<\/a><\/td>\n<td><a href=\"http:\/\/campinglanoguera.com\/\" target=\"_blank\" rel=\"noopener\">campinglanoguera.com<\/a><\/td>\n<td class=\"footable-last-column\">Sant Lloren\u00e7 de Montgai<\/td>\n<\/tr>\n<\/tbody>\n<\/table>\n<\/div>\n<\/section>\n<div class=\"table-1\"><\/div>\n<\/div>\n<\/section>\n<\/div><\/div><div class=\"fusion-layout-column fusion_builder_column fusion-builder-column-13 fusion_builder_column_1_1 1_1 fusion-flex-column fusion-flex-align-self-center\" style=\"--awb-padding-top:15px;--awb-padding-bottom:15px;--awb-bg-color:var(--awb-color5);--awb-bg-size:cover;--awb-width-large:100%;--awb-margin-top-large:15px;--awb-spacing-right-large:1.92%;--awb-margin-bottom-large:-10px;--awb-spacing-left-large:1.92%;--awb-width-medium:100%;--awb-order-medium:0;--awb-spacing-right-medium:1.92%;--awb-spacing-left-medium:1.92%;--awb-width-small:100%;--awb-order-small:0;--awb-spacing-right-small:1.92%;--awb-spacing-left-small:1.92%;\"><div class=\"fusion-column-wrapper fusion-column-has-shadow fusion-flex-justify-content-center fusion-content-layout-column\"><div class=\"fusion-text fusion-text-6 fusion-text-no-margin\" style=\"--awb-content-alignment:center;--awb-text-color:var(--awb-color1);\"><p>Hoteles y pensiones<\/p>\n<\/div><\/div><\/div><div class=\"fusion-layout-column fusion_builder_column fusion-builder-column-14 fusion_builder_column_1_1 1_1 fusion-flex-column\" style=\"--awb-bg-size:cover;--awb-width-large:100%;--awb-margin-top-large:15px;--awb-spacing-right-large:1.92%;--awb-margin-bottom-large:15px;--awb-spacing-left-large:1.92%;--awb-width-medium:100%;--awb-order-medium:0;--awb-spacing-right-medium:1.92%;--awb-spacing-left-medium:1.92%;--awb-width-small:100%;--awb-order-small:0;--awb-spacing-right-small:1.92%;--awb-spacing-left-small:1.92%;\"><div class=\"fusion-column-wrapper fusion-column-has-shadow fusion-flex-justify-content-flex-start fusion-content-layout-column\">\n<section class=\"avia_codeblock_section avia_code_block_0\">\n<div class=\"table-1\">\n<section class=\"avia_codeblock_section avia_code_block_1\">\n<div class=\"table-1\">\n<table class=\"footable footable-loaded default\">\n<thead>\n<tr>\n<th class=\"footable-sortable footable-first-column\">NOMBRE<\/th>\n<th class=\"footable-sortable\">TEL\u00c9FONO<\/th>\n<th class=\"footable-sortable\" data-hide=\"phone,tablet\">E-MAIL<\/th>\n<th class=\"footable-sortable\" data-hide=\"phone\">WEB<\/th>\n<th class=\"footable-sortable footable-last-column\" data-hide=\"phone,tablet\">LOCALIDAD<\/th>\n<\/tr>\n<\/thead>\n<tbody>\n<tr>\n<td class=\"footable-first-column\">Hotel-Restaurante ** Port d&#8217;\u00c0ger<\/td>\n<td class=\"\">+34 973 292 298 +34 647 525 953 +34 657 983 154<\/td>\n<td><a href=\"mailto:info@hotelportdager.com\">info@hotelportdage.com<\/a><\/td>\n<td><a href=\"http:\/\/www.hotelportdager.com\/\" target=\"_blank\" rel=\"noopener\">hotelportdager.com\/<\/a><\/td>\n<td class=\"footable-last-column\">\u00c0ger (afueras)<\/td>\n<\/tr>\n<tr>\n<td class=\"footable-first-column\">Hospeder\u00eda Monasterio de les Avellanes<\/td>\n<td class=\"\">+34 973 438 006<\/td>\n<td><a href=\"mailto:avellanes@maristes.org\">avellanes@maristes.org<\/a><\/td>\n<td><a href=\"http:\/\/www.monestirdelesavellanes.com\/\" target=\"_blank\" rel=\"noopener\">monestirdelesavellanes.com<\/a><\/td>\n<td class=\"footable-last-column\">Os de Balaguer<\/td>\n<\/tr>\n<tr>\n<td class=\"footable-first-column\">Hotel Terradets<\/td>\n<td class=\"\">+34 973 651 120<\/td>\n<td><a href=\"mailto:info@hotelterradets.com\">info@hotelterradets.com<\/a><\/td>\n<td><a href=\"http:\/\/www.hotelterradets.com\/\" target=\"_blank\" rel=\"noopener\">hotelterradets.com<\/a><\/td>\n<td class=\"footable-last-column\">Cellers<\/td>\n<\/tr>\n<tr>\n<td class=\"footable-first-column\">Hostal Mol\u00ed<\/td>\n<td class=\"\">+34 973 455 102<\/td>\n<td><\/td>\n<td><\/td>\n<td class=\"footable-last-column\">\u00c0ger<\/td>\n<\/tr>\n<\/tbody>\n<\/table>\n<\/div>\n<\/section>\n<\/div>\n<\/section>\n<\/div><\/div><div class=\"fusion-layout-column fusion_builder_column fusion-builder-column-15 fusion_builder_column_1_1 1_1 fusion-flex-column fusion-flex-align-self-center\" style=\"--awb-padding-top:15px;--awb-padding-bottom:15px;--awb-bg-color:var(--awb-color5);--awb-bg-size:cover;--awb-width-large:100%;--awb-margin-top-large:15px;--awb-spacing-right-large:1.92%;--awb-margin-bottom-large:-10px;--awb-spacing-left-large:1.92%;--awb-width-medium:100%;--awb-order-medium:0;--awb-spacing-right-medium:1.92%;--awb-spacing-left-medium:1.92%;--awb-width-small:100%;--awb-order-small:0;--awb-spacing-right-small:1.92%;--awb-spacing-left-small:1.92%;\"><div class=\"fusion-column-wrapper fusion-column-has-shadow fusion-flex-justify-content-center fusion-content-layout-column\"><div class=\"fusion-text fusion-text-7 fusion-text-no-margin\" style=\"--awb-content-alignment:center;--awb-text-color:var(--awb-color1);\"><p>Apartamentos tur\u00edsticos<\/p>\n<\/div><\/div><\/div><div class=\"fusion-layout-column fusion_builder_column fusion-builder-column-16 fusion_builder_column_1_1 1_1 fusion-flex-column\" style=\"--awb-bg-size:cover;--awb-width-large:100%;--awb-margin-top-large:15px;--awb-spacing-right-large:1.92%;--awb-margin-bottom-large:15px;--awb-spacing-left-large:1.92%;--awb-width-medium:100%;--awb-order-medium:0;--awb-spacing-right-medium:1.92%;--awb-spacing-left-medium:1.92%;--awb-width-small:100%;--awb-order-small:0;--awb-spacing-right-small:1.92%;--awb-spacing-left-small:1.92%;\"><div class=\"fusion-column-wrapper fusion-column-has-shadow fusion-flex-justify-content-flex-start fusion-content-layout-column\">\n<section class=\"avia_codeblock_section avia_code_block_0\">\n<div class=\"table-1\">\n<section class=\"avia_codeblock_section avia_code_block_1\">\n<div class=\"table-1\">\n<table class=\"footable footable-loaded default\">\n<thead>\n<tr>\n<th class=\"footable-sortable footable-first-column\">NOMBRE<\/th>\n<th class=\"footable-sortable\">TEL\u00c9FONO<\/th>\n<th class=\"footable-sortable\" data-hide=\"phone,tablet\">E-MAIL<\/th>\n<th class=\"footable-sortable\" data-hide=\"phone\">WEB<\/th>\n<th class=\"footable-sortable footable-last-column\" data-hide=\"phone,tablet\">LOCALIDAD<\/th>\n<\/tr>\n<\/thead>\n<tbody>\n<tr>\n<td class=\"footable-first-column\">Apartamentos de \u00c0ger<\/td>\n<td class=\"\">+34 973 455 027<\/td>\n<td><a href=\"mailto:mamenblus@hotmail.com\">mamenblus@hotmail.com<\/a><\/td>\n<td><\/td>\n<td class=\"footable-last-column\">\u00c0ger<\/td>\n<\/tr>\n<tr>\n<td class=\"footable-first-column\">Apartamentos rurales Cal Joaquim<\/td>\n<td class=\"\">+34 650 474 938<\/td>\n<td><\/td>\n<td><\/td>\n<td class=\"footable-last-column\">Cor\u00e7\u00e0<\/td>\n<\/tr>\n<tr>\n<td class=\"footable-first-column\">Apartamentos rurales Contorna<\/td>\n<td class=\"\">+34 973 447 184 +34 616 958 794<\/td>\n<td><a href=\"mailto:jaume@contorna.com\">jaume@contorna.com<\/a><\/td>\n<td><a href=\"http:\/\/www.contorna.com\/\" target=\"_blank\" rel=\"noopener\">contorna.com\/<\/a><\/td>\n<td class=\"footable-last-column\">Agull\u00f3<\/td>\n<\/tr>\n<tr>\n<td class=\"footable-first-column\">Apartamentos la Pertusa<\/td>\n<td class=\"\">+34 666 973 924<\/td>\n<td><a href=\"mailto:%20apartamentslapertusa@gmail.com\">apartamentslapertusa@gmail.com<\/a><\/td>\n<td><\/td>\n<td class=\"footable-last-column\">&nbsp;Cor\u00e7\u00e0<\/td>\n<\/tr>\n<tr>\n<td class=\"footable-first-column\">Casa Mons<\/td>\n<td class=\"\">+34 644 862 320<\/td>\n<td><a href=\"mailto:%20casamons@gmail.com\">casamons@gmail.com<\/a><\/td>\n<td><\/td>\n<td class=\"footable-last-column\">&nbsp;\u00c0ger<\/td>\n<\/tr>\n<tr>\n<td class=\"footable-first-column\">Apartamentos Espacio de \u00c0ger<\/td>\n<td class=\"\">+34 653 89 15 59<\/td>\n<td><\/td>\n<td><\/td>\n<td class=\"footable-last-column\">&nbsp;\u00c0ger<\/td>\n<\/tr>\n<tr>\n<td class=\"footable-first-column\">Casa Canut 1<\/td>\n<td class=\"\">+34 677 55 95 93<\/td>\n<td><\/td>\n<td><\/td>\n<td class=\"footable-last-column\">&nbsp;Tartareu<\/td>\n<\/tr>\n<tr>\n<td class=\"footable-first-column\">Casa Canut 2<\/td>\n<td class=\"\">+34 677 55 95 93<\/td>\n<td><\/td>\n<td><\/td>\n<td class=\"footable-last-column\">&nbsp;Tartareu<\/td>\n<\/tr>\n<tr>\n<td class=\"footable-first-column\">Tourism Rental Montsec<\/td>\n<td class=\"\">+34 679 18 39 43<\/td>\n<td><\/td>\n<td><a href=\"http:\/\/www.teresapinyol.jimdo.com\/\" target=\"_blank\" rel=\"noopener\">teresapinyol.jimdo.com\/<\/a><\/td>\n<td class=\"footable-last-column\">&nbsp;Balaguer &#8211; Linyola<\/td>\n<\/tr>\n<tr>\n<td class=\"footable-first-column\">Cal Mill\u00e0<\/td>\n<td class=\"\">+34 691 20 85 52<\/td>\n<td><a href=\"mailto:info@calmilla.com\">info@calmilla.com<\/a><\/td>\n<td><a href=\"http:\/\/www.calmilla.com\/\" target=\"_blank\" rel=\"noopener\">calmilla.com\/<\/a><\/td>\n<td class=\"footable-last-column\">Os de Balaguer<\/td>\n<\/tr>\n<tr>\n<td class=\"footable-first-column\">Cal Perubi<\/td>\n<td class=\"\">+34 685 11 48 92<\/td>\n<td><a href=\"mailto:calperubiager@calperubi.es\">calperubiager@calperubi.es<\/a><\/td>\n<td><a href=\"http:\/\/www.calperubi.es\/\" target=\"_blank\" rel=\"noopener\">calperubi.es\/<\/a><\/td>\n<td class=\"footable-last-column\">\u00c0ger<\/td>\n<\/tr>\n<tr>\n<td class=\"footable-first-column\">Casa Xavier<\/td>\n<td class=\"\">+34 696 02 80 20<\/td>\n<td><\/td>\n<td><\/td>\n<td class=\"footable-last-column\">\u00c0ger<\/td>\n<\/tr>\n<tr>\n<td class=\"footable-first-column\">Apartament Sant Mart\u00ed<\/td>\n<td class=\"\">+34 619 70 40 15<\/td>\n<td><a href=\"mailto:dolorsxal@gmail.com\">dolorsxal@gmail.com<\/a><\/td>\n<td><\/td>\n<td class=\"footable-last-column\">\u00c0ger<\/td>\n<\/tr>\n<\/tbody>\n<\/table>\n<\/div>\n<\/section>\n<\/div>\n<\/section>\n<\/div><\/div><div class=\"fusion-layout-column fusion_builder_column fusion-builder-column-17 fusion_builder_column_1_1 1_1 fusion-flex-column fusion-flex-align-self-center\" style=\"--awb-padding-top:15px;--awb-padding-bottom:15px;--awb-bg-color:var(--awb-color5);--awb-bg-size:cover;--awb-width-large:100%;--awb-margin-top-large:15px;--awb-spacing-right-large:1.92%;--awb-margin-bottom-large:-10px;--awb-spacing-left-large:1.92%;--awb-width-medium:100%;--awb-order-medium:0;--awb-spacing-right-medium:1.92%;--awb-spacing-left-medium:1.92%;--awb-width-small:100%;--awb-order-small:0;--awb-spacing-right-small:1.92%;--awb-spacing-left-small:1.92%;\"><div class=\"fusion-column-wrapper fusion-column-has-shadow fusion-flex-justify-content-center fusion-content-layout-column\"><div class=\"fusion-text fusion-text-8 fusion-text-no-margin\" style=\"--awb-content-alignment:center;--awb-text-color:var(--awb-color1);\"><p>Allotjaments Turisme Rural al Montsec<\/p>\n<\/div><\/div><\/div><div class=\"fusion-layout-column fusion_builder_column fusion-builder-column-18 fusion_builder_column_1_1 1_1 fusion-flex-column\" style=\"--awb-bg-size:cover;--awb-width-large:100%;--awb-margin-top-large:15px;--awb-spacing-right-large:1.92%;--awb-margin-bottom-large:15px;--awb-spacing-left-large:1.92%;--awb-width-medium:100%;--awb-order-medium:0;--awb-spacing-right-medium:1.92%;--awb-spacing-left-medium:1.92%;--awb-width-small:100%;--awb-order-small:0;--awb-spacing-right-small:1.92%;--awb-spacing-left-small:1.92%;\"><div class=\"fusion-column-wrapper fusion-column-has-shadow fusion-flex-justify-content-flex-start fusion-content-layout-column\">\n<section class=\"avia_codeblock_section avia_code_block_0\">\n<div class=\"table-1\">\n<section class=\"avia_codeblock_section avia_code_block_1\">\n<div class=\"table-1\">\n<table class=\"footable footable-loaded default\">\n<thead>\n<tr>\n<th class=\"footable-sortable footable-first-column\">NOMBRE<\/th>\n<th class=\"footable-sortable\">TEL\u00c9FONO<\/th>\n<th class=\"footable-sortable\" data-hide=\"phone,tablet\">E-MAIL<\/th>\n<th class=\"footable-sortable\" data-hide=\"phone\">WEB<\/th>\n<th class=\"footable-sortable footable-last-column\" data-hide=\"phone,tablet\">LOCALIDAD<\/th>\n<\/tr>\n<\/thead>\n<tbody>\n<tr>\n<td class=\"footable-first-column\">Casa Pag\u00e8s Cal Maciarol<\/td>\n<td class=\"\">+34 973 455 047<\/td>\n<td><a href=\"mailto:info@calmaciarol.com\">info@calmaciarol.com<\/a><\/td>\n<td><a href=\"http:\/\/calmaciarol.com\/\" target=\"_blank\" rel=\"noopener\">calmaciarol.com<\/a><\/td>\n<td class=\"footable-last-column\">\u00c0ger (afueras)<\/td>\n<\/tr>\n<tr>\n<td class=\"footable-first-column\">Pasqual d&#8217;oroners<\/td>\n<td class=\"\">+34 973 455 088 +34 675 083 302<\/td>\n<td><\/td>\n<td><a href=\"https:\/\/www.facebook.com\/CasaRuralPasqualDoroners\" target=\"_blank\" rel=\"noopener\">facebook.com\/CasaRuralPasqualDoroners<\/a><\/td>\n<td class=\"footable-last-column\">\u00c0ger<\/td>\n<\/tr>\n<tr>\n<td class=\"footable-first-column\">Alojamiento rural Casa Ros<\/td>\n<td class=\"\">+34 973 455 138 +34 659 287 063<\/td>\n<td><a href=\"mailto:info@casaros.es\">info@casaros.es<\/a><\/td>\n<td><a href=\"http:\/\/www.casaros.cat\/\" target=\"_blank\" rel=\"noopener\">casaros.cat<\/a><\/td>\n<td class=\"footable-last-column\">Agull\u00f3<\/td>\n<\/tr>\n<tr>\n<td class=\"footable-first-column\">Casa Josep de la Maria<\/td>\n<td class=\"\">+34 973 455 030<\/td>\n<td><\/td>\n<td><\/td>\n<td class=\"footable-last-column\">Agull\u00f3<\/td>\n<\/tr>\n<tr>\n<td class=\"footable-first-column\">Casa Portol\u00e0<\/td>\n<td class=\"\">+34 973 455 142<\/td>\n<td><\/td>\n<td><\/td>\n<td class=\"footable-last-column\">\u00c0ger<\/td>\n<\/tr>\n<tr>\n<td class=\"footable-first-column\">Casa Castells<\/td>\n<td class=\"\">+34 973 455 046<\/td>\n<td><a href=\"mailto:casacastells@gmail.com\">casacastells@gmail.com<\/a><\/td>\n<td><\/td>\n<td class=\"footable-last-column\">\u00c0ger<\/td>\n<\/tr>\n<tr>\n<td class=\"footable-first-column\">Masia Serret<\/td>\n<td class=\"\">+34 647 284 137<\/td>\n<td><a href=\"mailto:masia.serret@gmail.com\">masia.serret@gmail.com<\/a><\/td>\n<td><a href=\"http:\/\/www.masiaserret.cat\/\" target=\"_blank\" rel=\"noopener\">masiaserret.cat<\/a><\/td>\n<td class=\"footable-last-column\">\u00c0ger (afueras)<\/td>\n<\/tr>\n<tr>\n<td class=\"footable-first-column\">Cal Ribero<\/td>\n<td class=\"\">+34 625 399 998<\/td>\n<td><a href=\"mailto:masia.serret@gmail.com\">info@calribero.es<\/a><\/td>\n<td><a href=\"http:\/\/www.calribero.es\/\" target=\"_blank\" rel=\"noopener\">calribero.es<\/a><\/td>\n<td class=\"footable-last-column\">Vilanova de la sal<\/td>\n<\/tr>\n<tr>\n<td class=\"footable-first-column\">Casalet de la Clua<\/td>\n<td class=\"\">+34 650 276 169<\/td>\n<td><a href=\"mailto:info@casaletdelaclua.com\">info@casaletdelaclua.com<\/a><\/td>\n<td><a href=\"http:\/\/www.casaletdelaclua.com\/\" target=\"_blank\" rel=\"noopener\">casaletdelaclua.com<\/a><\/td>\n<td class=\"footable-last-column\">Sant Esteve de la Sarga<\/td>\n<\/tr>\n<tr>\n<td class=\"footable-first-column\">Ruralfranxuli<\/td>\n<td class=\"\">+34 647 433 319<\/td>\n<td><\/td>\n<td><\/td>\n<td class=\"footable-last-column\">Les Avellanes<\/td>\n<\/tr>\n<tr>\n<td class=\"footable-first-column\">Can Manuel<\/td>\n<td class=\"\">+34 671 510 622<\/td>\n<td><a href=\"mailto:canmanuelgavet@gmail.com\">canmanuelgavet@gmail.com<\/a><\/td>\n<td><a href=\"http:\/\/www.canmanuel.com\/\" target=\"_blank\" rel=\"noopener\">canmanuel.com<\/a><\/td>\n<td class=\"footable-last-column\">Gavet de la Conca<\/td>\n<\/tr>\n<tr>\n<td class=\"footable-first-column\">Casa Consales<\/td>\n<td class=\"\">+34 652 085 745<\/td>\n<td><a href=\"mailto:casaconsalespalau@gmail.com\">casaconsalespalau@gmail.com<\/a><\/td>\n<td><\/td>\n<td class=\"footable-last-column\">Palau de Noguera<\/td>\n<\/tr>\n<tr>\n<td class=\"footable-first-column\">El Freginal de Tartareu<\/td>\n<td class=\"\">+34 685 800 807<\/td>\n<td><a href=\"mailto:montdivi123@gmail.com\">montdivi123@gmail.com<\/a><\/td>\n<td><\/td>\n<td class=\"footable-last-column\">Tartareu<\/td>\n<\/tr>\n<tr>\n<td class=\"footable-first-column\">Cal Mestre<\/td>\n<td class=\"\">+34 677 55 95 93<\/td>\n<td><\/td>\n<td><\/td>\n<td class=\"footable-last-column\">Tartareu<\/td>\n<\/tr>\n<tr>\n<td class=\"footable-first-column\">Cal Tat\u00f3<\/td>\n<td class=\"\">+34 617 756 402<\/td>\n<td><\/td>\n<td><a href=\"http:\/\/caltato.com\/\" target=\"_blank\" rel=\"noopener\">caltato.com<\/a><\/td>\n<td class=\"footable-last-column\">Os de Balaguer<\/td>\n<\/tr>\n<tr>\n<td class=\"footable-first-column\">La Caseta de Mag\u00ed<\/td>\n<td class=\"\">+34 618 950 248<\/td>\n<td><\/td>\n<td><a href=\"http:\/\/www.agermagi.com\/\" target=\"_blank\" rel=\"noopener\">agermagi.com<\/a><\/td>\n<td class=\"footable-last-column\">\u00c0ger<\/td>\n<\/tr>\n<tr>\n<td class=\"footable-first-column\">La Caseta del Montsec<\/td>\n<td class=\"\">+34 619 954 725<\/td>\n<td><a href=\"mailto:teresajuvilla@gmail.com\">teresajuvilla@gmail.com<\/a><\/td>\n<td><\/td>\n<td class=\"footable-last-column\">Fontdepou<\/td>\n<\/tr>\n<tr>\n<td class=\"footable-first-column\">La Caseta d&#8217;\u00c0ger<\/td>\n<td class=\"\">+34 619 954 725<\/td>\n<td><a href=\"mailto:teresajuvilla@gmail.com\">teresajuvilla@gmail.com<\/a><\/td>\n<td><\/td>\n<td class=\"footable-last-column\">\u00c0ger<\/td>\n<\/tr>\n<tr>\n<td class=\"footable-first-column\">Casa Blasi<\/td>\n<td class=\"\">+34 670 285 917<\/td>\n<td><a href=\"mailto:%20info@casablasi.com\">info@casablasi.com<\/a><\/td>\n<td><\/td>\n<td class=\"footable-last-column\">L&#8217;Ametlla del Montsec<\/td>\n<\/tr>\n<tr>\n<td class=\"footable-first-column\">Casa Sarral<\/td>\n<td class=\"\">+34 647 284 137<\/td>\n<td><a href=\"mailto:%20masia.serret@gmail.com\">masia.serret@gmail.com<\/a><\/td>\n<td><a href=\"http:\/\/www.masiaserret.cat\/masies\/casa-sarral\/\" target=\"_blank\" rel=\"noopener\">masiaserret.cat\/masies\/casa-sarral\/<\/a><\/td>\n<td class=\"footable-last-column\">L&#8217;Ametlla del Montsec<\/td>\n<\/tr>\n<tr>\n<td class=\"footable-first-column\">Cal Nenot<\/td>\n<td class=\"\">+34 662 266 620<\/td>\n<td><a href=\"mailto:calnenot@gmail.com\">calnenot@gmail.com<\/a><\/td>\n<td><a href=\"http:\/\/www.calnenot.com\/\" target=\"_blank\" rel=\"noopener\">calnenot.com<\/a><\/td>\n<td class=\"footable-last-column\">Puigcercos<\/td>\n<\/tr>\n<\/tbody>\n<\/table>\n<\/div>\n<\/section>\n<\/div>\n<\/section>\n<\/div><\/div><\/div><\/div><\/div><div id=\"restaurante\" class=\"fusion-container-anchor\"><div class=\"fusion-fullwidth fullwidth-box fusion-builder-row-4 fusion-flex-container has-pattern-background has-mask-background nonhundred-percent-fullwidth non-hundred-percent-height-scrolling\" style=\"--awb-border-radius-top-left:0px;--awb-border-radius-top-right:0px;--awb-border-radius-bottom-right:0px;--awb-border-radius-bottom-left:0px;--awb-padding-top:3%;--awb-background-color:var(--awb-color2);--awb-background-image:linear-gradient(180deg, rgba(255,255,255,0) 0%,var(--awb-color3) 100%);;\" ><div class=\"fusion-builder-row fusion-row fusion-flex-align-items-flex-start\" style=\"max-width:1216.8px;margin-left: calc(-4% \/ 2 );margin-right: calc(-4% \/ 2 );\"><div class=\"fusion-layout-column fusion_builder_column fusion-builder-column-19 fusion_builder_column_1_1 1_1 fusion-flex-column\" style=\"--awb-bg-size:cover;--awb-width-large:100%;--awb-margin-top-large:15px;--awb-spacing-right-large:1.92%;--awb-margin-bottom-large:15px;--awb-spacing-left-large:1.92%;--awb-width-medium:100%;--awb-order-medium:0;--awb-spacing-right-medium:1.92%;--awb-spacing-left-medium:1.92%;--awb-width-small:100%;--awb-order-small:0;--awb-spacing-right-small:1.92%;--awb-spacing-left-small:1.92%;\"><div class=\"fusion-column-wrapper fusion-column-has-shadow fusion-flex-justify-content-flex-start fusion-content-layout-column\"><div class=\"fusion-title title fusion-title-7 fusion-sep-none fusion-title-center fusion-title-text fusion-title-size-one\" style=\"--awb-text-color:var(--awb-color3);\"><h1 class=\"title-heading-center fusion-responsive-typography-calculated\" style=\"margin:0;text-transform:uppercase;--fontSize:85;line-height:var(--awb-typography1-line-height);\">BARES Y RESTAURANTES EN \u00c1GER<\/h1><\/div><div class=\"fusion-title title fusion-title-8 fusion-sep-none fusion-title-center fusion-title-text fusion-title-size-two\" style=\"--awb-text-color:var(--awb-color7);--awb-margin-top:-7%;\"><h2 class=\"title-heading-center fusion-responsive-typography-calculated\" style=\"margin:0;text-transform:capitalize;--fontSize:60;line-height:1;\">Bares y Restaurantes en \u00c0ger<\/h2><\/div><\/div><\/div><div class=\"fusion-layout-column fusion_builder_column fusion-builder-column-20 fusion_builder_column_1_1 1_1 fusion-flex-column fusion-flex-align-self-center\" style=\"--awb-padding-top:15px;--awb-padding-bottom:15px;--awb-bg-color:var(--awb-color7);--awb-bg-size:cover;--awb-width-large:100%;--awb-margin-top-large:15px;--awb-spacing-right-large:1.92%;--awb-margin-bottom-large:-10px;--awb-spacing-left-large:1.92%;--awb-width-medium:100%;--awb-order-medium:0;--awb-spacing-right-medium:1.92%;--awb-spacing-left-medium:1.92%;--awb-width-small:100%;--awb-order-small:0;--awb-spacing-right-small:1.92%;--awb-spacing-left-small:1.92%;\"><div class=\"fusion-column-wrapper fusion-column-has-shadow fusion-flex-justify-content-center fusion-content-layout-column\"><div class=\"fusion-text fusion-text-9 fusion-text-no-margin\" style=\"--awb-content-alignment:center;--awb-text-color:var(--awb-color1);\"><p>Bares \u00c0ger<\/p>\n<\/div><\/div><\/div><div class=\"fusion-layout-column fusion_builder_column fusion-builder-column-21 fusion_builder_column_1_1 1_1 fusion-flex-column\" style=\"--awb-bg-size:cover;--awb-width-large:100%;--awb-margin-top-large:15px;--awb-spacing-right-large:1.92%;--awb-margin-bottom-large:15px;--awb-spacing-left-large:1.92%;--awb-width-medium:100%;--awb-order-medium:0;--awb-spacing-right-medium:1.92%;--awb-spacing-left-medium:1.92%;--awb-width-small:100%;--awb-order-small:0;--awb-spacing-right-small:1.92%;--awb-spacing-left-small:1.92%;\"><div class=\"fusion-column-wrapper fusion-column-has-shadow fusion-flex-justify-content-flex-start fusion-content-layout-column\">\n<section class=\"avia_codeblock_section avia_code_block_0\">\n<div class=\"table-1\">\n<table class=\"footable default footable-loaded\">\n<thead>\n<tr>\n<th class=\"footable-first-column footable-sortable\">NOMBRE<\/th>\n<th class=\"footable-sortable\">TEL\u00c9FONO<\/th>\n<th class=\"footable-sortable\" data-hide=\"phone,tablet\">E-MAIL<\/th>\n<th class=\"footable-sortable\" data-hide=\"phone\">WEB<\/th>\n<th class=\"footable-last-column footable-sortable\" data-hide=\"phone,tablet\">LOCALIDAD<\/th>\n<\/tr>\n<\/thead>\n<tbody>\n<tr>\n<td class=\"footable-first-column\">Bar Lo Torres<\/td>\n<td>+34 973 455 172<\/td>\n<td><\/td>\n<td><a href=\"https:\/\/www.facebook.com\/pages\/Lo-Torres\/167917929914031\" target=\"_blank\" rel=\"noopener\">facebook.com\/pages\/Lo-Torres\/167917929914031<\/a><\/td>\n<td class=\"footable-last-column\">\u00c0ger<\/td>\n<\/tr>\n<tr>\n<td class=\"footable-first-column\">Bar gasolinera<\/td>\n<td>+34 973 455 078<\/td>\n<td><\/td>\n<td><\/td>\n<td class=\"footable-last-column\">\u00c0ger<\/td>\n<\/tr>\n<\/tbody>\n<\/table>\n<\/div>\n<\/section>\n<\/div><\/div><div class=\"fusion-layout-column fusion_builder_column fusion-builder-column-22 fusion_builder_column_1_1 1_1 fusion-flex-column fusion-flex-align-self-center\" style=\"--awb-padding-top:15px;--awb-padding-bottom:15px;--awb-bg-color:var(--awb-color7);--awb-bg-size:cover;--awb-width-large:100%;--awb-margin-top-large:15px;--awb-spacing-right-large:1.92%;--awb-margin-bottom-large:-10px;--awb-spacing-left-large:1.92%;--awb-width-medium:100%;--awb-order-medium:0;--awb-spacing-right-medium:1.92%;--awb-spacing-left-medium:1.92%;--awb-width-small:100%;--awb-order-small:0;--awb-spacing-right-small:1.92%;--awb-spacing-left-small:1.92%;\"><div class=\"fusion-column-wrapper fusion-column-has-shadow fusion-flex-justify-content-center fusion-content-layout-column\"><div class=\"fusion-text fusion-text-10 fusion-text-no-margin\" style=\"--awb-content-alignment:center;--awb-text-color:var(--awb-color1);\"><p>Restaurantes \u00c0ger<\/p>\n<\/div><\/div><\/div><div class=\"fusion-layout-column fusion_builder_column fusion-builder-column-23 fusion_builder_column_1_1 1_1 fusion-flex-column\" style=\"--awb-bg-size:cover;--awb-width-large:100%;--awb-margin-top-large:15px;--awb-spacing-right-large:1.92%;--awb-margin-bottom-large:15px;--awb-spacing-left-large:1.92%;--awb-width-medium:100%;--awb-order-medium:0;--awb-spacing-right-medium:1.92%;--awb-spacing-left-medium:1.92%;--awb-width-small:100%;--awb-order-small:0;--awb-spacing-right-small:1.92%;--awb-spacing-left-small:1.92%;\"><div class=\"fusion-column-wrapper fusion-column-has-shadow fusion-flex-justify-content-flex-start fusion-content-layout-column\">\n<section class=\"avia_codeblock_section avia_code_block_0\">\n<div class=\"table-1\">\n<table class=\"footable default footable-loaded\">\n<thead>\n<tr>\n<th class=\"footable-first-column footable-sortable\">NOMBRE<\/th>\n<th class=\"footable-sortable\">TEL\u00c9FONO<\/th>\n<th class=\"footable-sortable\" data-hide=\"phone,tablet\">E-MAIL<\/th>\n<th class=\"footable-sortable\" data-hide=\"phone\">WEB<\/th>\n<th class=\"footable-last-column footable-sortable\" data-hide=\"phone,tablet\">LOCALIDAD<\/th>\n<\/tr>\n<\/thead>\n<tbody>\n<tr>\n<td class=\"footable-first-column\">Restaurante C\u00e1mping de la Valle d&#8217;\u00c0ger<\/td>\n<td>+34 973 455 200<\/td>\n<td><a href=\"mailto:info@campingager.com\">info@campingager.com<\/a><\/td>\n<td><a href=\"http:\/\/campingager.com\/\" target=\"_blank\" rel=\"noopener\">campingager.com<\/a><\/td>\n<td class=\"footable-last-column\">\u00c0ger<\/td>\n<\/tr>\n<tr>\n<td class=\"footable-first-column\">Cal Maciarol<\/td>\n<td>+34 973 455 047<\/td>\n<td><a href=\"mailto:info@calmaciarol.com\">info@calmaciarol.com<\/a><\/td>\n<td><a href=\"http:\/\/calmaciarol.com\/\" target=\"_blank\" rel=\"noopener\">calmaciarol.com<\/a><\/td>\n<td class=\"footable-last-column\">\u00c0ger (afueras)<\/td>\n<\/tr>\n<tr>\n<td class=\"footable-first-column\">Restaurante Casa Xalets<\/td>\n<td>+34 973 455 296<\/td>\n<td><a href=\"mailto:casaxalets@hotmail.com\">casaxalets@hotmail.com<\/a><\/td>\n<td><a href=\"http:\/\/www.restaurantcasaxalets.com\/\" target=\"_blank\" rel=\"noopener\">restaurantcasaxalets.com<\/a><\/td>\n<td class=\"footable-last-column\">\u00c0ger<\/td>\n<\/tr>\n<tr>\n<td class=\"footable-first-column\">Restaurant Lo Poble<\/td>\n<td>+34 973 455 019<\/td>\n<td><\/td>\n<td><a href=\"http:\/\/www.restaurantlopoble.com\/\" target=\"_blank\" rel=\"noopener\">restaurantlopoble.com<\/a><\/td>\n<td class=\"footable-last-column\">\u00c0ger<\/td>\n<\/tr>\n<tr>\n<td class=\"footable-first-column\">Hotel-Restaurante ** Port d&#8217;\u00c0ger<\/td>\n<td>+34 973 292 298 +34 647 525 953 +34 657 983 154<\/td>\n<td><a href=\"mailto:info@hotelportdager.com\">info@hotelportdager.com<\/a><\/td>\n<td><a href=\"http:\/\/www.hotelportdager.com\/\" target=\"_blank\" rel=\"noopener\">hotelportdager.com\/<\/a><\/td>\n<td class=\"footable-last-column\">\u00c0ger (afueras)<\/td>\n<\/tr>\n<tr>\n<td class=\"footable-first-column\">Hospeder\u00eda Monasterio de les Avellanes<\/td>\n<td>+34 973 438 006<\/td>\n<td><a href=\"mailto:avellanes@maristes.org\">avellanes@maristes.org<\/a><\/td>\n<td><a href=\"http:\/\/www.monestirdelesavellanes.com\/\" target=\"_blank\" rel=\"noopener\">monestirdelesavellanes.com<\/a><\/td>\n<td class=\"footable-last-column\">Os de Balaguer<\/td>\n<\/tr>\n<tr>\n<td class=\"footable-first-column\">Hotel Terradets<\/td>\n<td>+34 973 651 120<\/td>\n<td><a href=\"mailto:info@hotelterradets.com\">info@hotelterradets.com<\/a><\/td>\n<td><a href=\"http:\/\/www.hotelterradets.com\/\" target=\"_blank\" rel=\"noopener\">hotelterradets.com<\/a><\/td>\n<td class=\"footable-last-column\">Cellers<\/td>\n<\/tr>\n<\/tbody>\n<\/table>\n<\/div>\n<\/section>\n<\/div><\/div><\/div><\/div><\/div><div class=\"fusion-fullwidth fullwidth-box fusion-builder-row-5 fusion-flex-container has-pattern-background has-mask-background nonhundred-percent-fullwidth non-hundred-percent-height-scrolling\" style=\"--awb-border-radius-top-left:0px;--awb-border-radius-top-right:0px;--awb-border-radius-bottom-right:0px;--awb-border-radius-bottom-left:0px;--awb-padding-top:0%;--awb-padding-bottom:0%;--awb-margin-top:0px;--awb-margin-bottom:0px;--awb-background-color:var(--awb-color3);\" ><div class=\"fusion-builder-row fusion-row fusion-flex-align-items-flex-start\" style=\"max-width:1216.8px;margin-left: calc(-4% \/ 2 );margin-right: calc(-4% \/ 2 );\"><div class=\"fusion-layout-column fusion_builder_column fusion-builder-column-24 fusion_builder_column_1_1 1_1 fusion-flex-column\" style=\"--awb-bg-size:cover;--awb-width-large:100%;--awb-margin-top-large:0px;--awb-spacing-right-large:1.92%;--awb-margin-bottom-large:0px;--awb-spacing-left-large:1.92%;--awb-width-medium:100%;--awb-order-medium:0;--awb-spacing-right-medium:1.92%;--awb-spacing-left-medium:1.92%;--awb-width-small:100%;--awb-order-small:0;--awb-spacing-right-small:1.92%;--awb-spacing-left-small:1.92%;\"><div class=\"fusion-column-wrapper fusion-column-has-shadow fusion-flex-justify-content-flex-start fusion-content-layout-column\"><div class=\"fusion-section-separator section-separator waves-opacity fusion-section-separator-2\" style=\"--awb-spacer-padding-top:inherit;--awb-svg-margin-left:1.92%;--awb-svg-margin-right:1.92%;--awb-svg-margin-left-medium:1.92%;--awb-svg-margin-right-medium:1.92%;--awb-svg-margin-left-small:1.92%;--awb-svg-margin-right-small:1.92%;--awb-divider-height:120px;--awb-spacer-height:120px;--awb-sep-font-size:0;--awb-sep-line-height:0;\"><div class=\"fusion-section-separator-svg\"><svg class=\"fusion-waves-opacity-candy\" fill=\"var(--awb-color1)\" xmlns=\"http:\/\/www.w3.org\/2000\/svg\" version=\"1.1\" width=\"100%\" viewBox=\"0 0 1024 216\" preserveAspectRatio=\"none\" fill=\"rgba(255,255,255,1)\"><path class=\"st0\" d=\"M0 216.068h1024l.1-105.2c-14.6-3.2-30.2-5.8-47.1-7.6-178.6-19.6-279.5 56.8-464.3 41.3-206.5-17.2-248.4-128.8-455-143.8-19-1.3-38.3-.2-57.7.3v215z\"\/>\n\t\t\t\t\t\t\t\t\t\t<path class=\"st1\" d=\"M0 20.068v196.144h1024v-79.744c-22.7-6.4-47.9-11.4-76.2-14.6-178.6-19.8-272.2 53.9-457.1 38.4-206.6-17.2-197.3-124.7-403.9-139.8-27.2-2-56.6-2-86.8-.4z\"\/>\n\t\t\t\t\t\t\t\t\t\t<path class=\"st2\" d=\"M0 216.212h1024v-35.744c-45.1-15.4-95.2-27.7-150-33.7-178.6-19.8-220.6 46.8-405.4 31.3-206.6-17.2-197.8-114.7-404.4-129.7-20.4-1.5-42-2-64.2-1.7v169.544z\"\/>\n\t\t\t\t\t\t\t\t\t\t<path class=\"st3\" d=\"M0 216.312h1024v-3.044c-50.8-17.1-108.7-30.7-172.7-37.9-178.6-19.8-220 36.8-404.9 21.3-206.6-17.2-228-126.5-434.5-141.6-3.9-.3-7.9-.5-11.9-.7v161.944z\"\/>\n\t\t\t\t\t\t\t\t\t<\/svg><\/div><div class=\"fusion-section-separator-spacer\"><div class=\"fusion-section-separator-spacer-height\"><\/div><\/div><\/div><\/div><\/div><\/div><\/div><\/p>\n","protected":false},"excerpt":{"rendered":"","protected":false},"author":1,"featured_media":0,"parent":0,"menu_order":0,"comment_status":"closed","ping_status":"closed","template":"100-width.php","meta":[],"yoast_head":"<!-- This site is optimized with the Yoast SEO plugin v20.8 - https:\/\/yoast.com\/wordpress\/plugins\/seo\/ -->\n<title>Qui\u00e9nes somos - Montsec Activa<\/title>\n<meta name=\"robots\" content=\"noindex, follow, max-snippet:-1, max-image-preview:large, max-video-preview:-1\" \/>\n<meta property=\"og:locale\" content=\"es_ES\" \/>\n<meta property=\"og:type\" content=\"article\" \/>\n<meta property=\"og:title\" content=\"Qui\u00e9nes somos - Montsec Activa\" \/>\n<meta property=\"og:url\" content=\"https:\/\/montsecactiva.compsa.net\/es\/quienes-somos\/\" \/>\n<meta property=\"og:site_name\" content=\"Montsec Activa\" \/>\n<meta property=\"article:publisher\" content=\"https:\/\/www.facebook.com\/MontsecActiva\" \/>\n<meta property=\"article:modified_time\" content=\"2023-06-05T11:29:33+00:00\" \/>\n<meta name=\"twitter:card\" content=\"summary_large_image\" \/>\n<meta name=\"twitter:label1\" content=\"Tiempo de lectura\" \/>\n\t<meta name=\"twitter:data1\" content=\"51 minutos\" \/>\n<script type=\"application\/ld+json\" class=\"yoast-schema-graph\">{\"@context\":\"https:\/\/schema.org\",\"@graph\":[{\"@type\":\"WebPage\",\"@id\":\"https:\/\/montsecactiva.compsa.net\/es\/quienes-somos\/\",\"url\":\"https:\/\/montsecactiva.compsa.net\/es\/quienes-somos\/\",\"name\":\"Qui\u00e9nes somos - Montsec Activa\",\"isPartOf\":{\"@id\":\"https:\/\/montsecactiva.compsa.net\/#website\"},\"datePublished\":\"2023-03-29T14:47:09+00:00\",\"dateModified\":\"2023-06-05T11:29:33+00:00\",\"breadcrumb\":{\"@id\":\"https:\/\/montsecactiva.compsa.net\/es\/quienes-somos\/#breadcrumb\"},\"inLanguage\":\"es\",\"potentialAction\":[{\"@type\":\"ReadAction\",\"target\":[\"https:\/\/montsecactiva.compsa.net\/es\/quienes-somos\/\"]}]},{\"@type\":\"BreadcrumbList\",\"@id\":\"https:\/\/montsecactiva.compsa.net\/es\/quienes-somos\/#breadcrumb\",\"itemListElement\":[{\"@type\":\"ListItem\",\"position\":1,\"name\":\"Inici\",\"item\":\"https:\/\/montsecactiva.compsa.net\/es\/inicio\/\"},{\"@type\":\"ListItem\",\"position\":2,\"name\":\"Qui\u00e9nes somos\"}]},{\"@type\":\"WebSite\",\"@id\":\"https:\/\/montsecactiva.compsa.net\/#website\",\"url\":\"https:\/\/montsecactiva.compsa.net\/\",\"name\":\"Montsec Activa\",\"description\":\"Lloguer de kayaks i excursions amb vaixell a Mont-Rebei\",\"publisher\":{\"@id\":\"https:\/\/montsecactiva.compsa.net\/#organization\"},\"potentialAction\":[{\"@type\":\"SearchAction\",\"target\":{\"@type\":\"EntryPoint\",\"urlTemplate\":\"https:\/\/montsecactiva.compsa.net\/?s={search_term_string}\"},\"query-input\":\"required name=search_term_string\"}],\"inLanguage\":\"es\"},{\"@type\":\"Organization\",\"@id\":\"https:\/\/montsecactiva.compsa.net\/#organization\",\"name\":\"Montsec Activa\",\"url\":\"https:\/\/montsecactiva.compsa.net\/\",\"logo\":{\"@type\":\"ImageObject\",\"inLanguage\":\"es\",\"@id\":\"https:\/\/montsecactiva.compsa.net\/#\/schema\/logo\/image\/\",\"url\":\"https:\/\/montsecactiva.compsa.net\/wp-content\/uploads\/2023\/03\/Logo-montsecactiva.png\",\"contentUrl\":\"https:\/\/montsecactiva.compsa.net\/wp-content\/uploads\/2023\/03\/Logo-montsecactiva.png\",\"width\":340,\"height\":156,\"caption\":\"Montsec Activa\"},\"image\":{\"@id\":\"https:\/\/montsecactiva.compsa.net\/#\/schema\/logo\/image\/\"},\"sameAs\":[\"https:\/\/www.facebook.com\/MontsecActiva\",\"https:\/\/www.instagram.com\/montsecactiva\/\"]}]}<\/script>\n<!-- \/ Yoast SEO plugin. -->","yoast_head_json":{"title":"Qui\u00e9nes somos - Montsec Activa","robots":{"index":"noindex","follow":"follow","max-snippet":"max-snippet:-1","max-image-preview":"max-image-preview:large","max-video-preview":"max-video-preview:-1"},"og_locale":"es_ES","og_type":"article","og_title":"Qui\u00e9nes somos - Montsec Activa","og_url":"https:\/\/montsecactiva.compsa.net\/es\/quienes-somos\/","og_site_name":"Montsec Activa","article_publisher":"https:\/\/www.facebook.com\/MontsecActiva","article_modified_time":"2023-06-05T11:29:33+00:00","twitter_card":"summary_large_image","twitter_misc":{"Tiempo de lectura":"51 minutos"},"schema":{"@context":"https:\/\/schema.org","@graph":[{"@type":"WebPage","@id":"https:\/\/montsecactiva.compsa.net\/es\/quienes-somos\/","url":"https:\/\/montsecactiva.compsa.net\/es\/quienes-somos\/","name":"Qui\u00e9nes somos - Montsec Activa","isPartOf":{"@id":"https:\/\/montsecactiva.compsa.net\/#website"},"datePublished":"2023-03-29T14:47:09+00:00","dateModified":"2023-06-05T11:29:33+00:00","breadcrumb":{"@id":"https:\/\/montsecactiva.compsa.net\/es\/quienes-somos\/#breadcrumb"},"inLanguage":"es","potentialAction":[{"@type":"ReadAction","target":["https:\/\/montsecactiva.compsa.net\/es\/quienes-somos\/"]}]},{"@type":"BreadcrumbList","@id":"https:\/\/montsecactiva.compsa.net\/es\/quienes-somos\/#breadcrumb","itemListElement":[{"@type":"ListItem","position":1,"name":"Inici","item":"https:\/\/montsecactiva.compsa.net\/es\/inicio\/"},{"@type":"ListItem","position":2,"name":"Qui\u00e9nes somos"}]},{"@type":"WebSite","@id":"https:\/\/montsecactiva.compsa.net\/#website","url":"https:\/\/montsecactiva.compsa.net\/","name":"Montsec Activa","description":"Lloguer de kayaks i excursions amb vaixell a Mont-Rebei","publisher":{"@id":"https:\/\/montsecactiva.compsa.net\/#organization"},"potentialAction":[{"@type":"SearchAction","target":{"@type":"EntryPoint","urlTemplate":"https:\/\/montsecactiva.compsa.net\/?s={search_term_string}"},"query-input":"required name=search_term_string"}],"inLanguage":"es"},{"@type":"Organization","@id":"https:\/\/montsecactiva.compsa.net\/#organization","name":"Montsec Activa","url":"https:\/\/montsecactiva.compsa.net\/","logo":{"@type":"ImageObject","inLanguage":"es","@id":"https:\/\/montsecactiva.compsa.net\/#\/schema\/logo\/image\/","url":"https:\/\/montsecactiva.compsa.net\/wp-content\/uploads\/2023\/03\/Logo-montsecactiva.png","contentUrl":"https:\/\/montsecactiva.compsa.net\/wp-content\/uploads\/2023\/03\/Logo-montsecactiva.png","width":340,"height":156,"caption":"Montsec Activa"},"image":{"@id":"https:\/\/montsecactiva.compsa.net\/#\/schema\/logo\/image\/"},"sameAs":["https:\/\/www.facebook.com\/MontsecActiva","https:\/\/www.instagram.com\/montsecactiva\/"]}]}},"_links":{"self":[{"href":"https:\/\/montsecactiva.compsa.net\/es\/wp-json\/wp\/v2\/pages\/2535"}],"collection":[{"href":"https:\/\/montsecactiva.compsa.net\/es\/wp-json\/wp\/v2\/pages"}],"about":[{"href":"https:\/\/montsecactiva.compsa.net\/es\/wp-json\/wp\/v2\/types\/page"}],"author":[{"embeddable":true,"href":"https:\/\/montsecactiva.compsa.net\/es\/wp-json\/wp\/v2\/users\/1"}],"replies":[{"embeddable":true,"href":"https:\/\/montsecactiva.compsa.net\/es\/wp-json\/wp\/v2\/comments?post=2535"}],"version-history":[{"count":17,"href":"https:\/\/montsecactiva.compsa.net\/es\/wp-json\/wp\/v2\/pages\/2535\/revisions"}],"predecessor-version":[{"id":2742,"href":"https:\/\/montsecactiva.compsa.net\/es\/wp-json\/wp\/v2\/pages\/2535\/revisions\/2742"}],"wp:attachment":[{"href":"https:\/\/montsecactiva.compsa.net\/es\/wp-json\/wp\/v2\/media?parent=2535"}],"curies":[{"name":"wp","href":"https:\/\/api.w.org\/{rel}","templated":true}]}}