{"id":2572,"date":"2023-05-30T13:33:51","date_gmt":"2023-05-30T12:33:51","guid":{"rendered":"https:\/\/montsecactiva.compsa.net\/actividades\/kayak-muralla-de-finestres\/"},"modified":"2023-06-12T10:16:25","modified_gmt":"2023-06-12T09:16:25","slug":"kayak-muralla-de-finestres","status":"publish","type":"page","link":"https:\/\/montsecactiva.compsa.net\/es\/actividades\/kayak-muralla-de-finestres\/","title":{"rendered":"Kayak Muralla de Finestres"},"content":{"rendered":"<p><div class=\"fusion-fullwidth fullwidth-box fusion-builder-row-1 fusion-flex-container has-pattern-background has-mask-background fusion-parallax-none nonhundred-percent-fullwidth non-hundred-percent-height-scrolling lazyload\" style=\"--awb-background-position:center bottom;--awb-border-radius-top-left:0px;--awb-border-radius-top-right:0px;--awb-border-radius-bottom-right:0px;--awb-border-radius-bottom-left:0px;--awb-min-height:350px;--awb-background-color:rgba(1,26,93,0.4);--awb-background-image:linear-gradient(180deg, rgba(1,26,93,0.5) 0%,rgba(1,26,93,0.5) 100%);;--awb-background-size:cover;\" data-bg=\"https:\/\/montsecactiva.compsa.net\/wp-content\/uploads\/2023\/05\/la-muralla-de-finestres.jpg\" data-bg-gradient=\"linear-gradient(180deg, rgba(1,26,93,0.5) 0%,rgba(1,26,93,0.5) 100%)\" ><div class=\"fusion-builder-row fusion-row fusion-flex-align-items-center fusion-flex-align-content-center\" style=\"max-width:1216.8px;margin-left: calc(-4% \/ 2 );margin-right: calc(-4% \/ 2 );\"><div class=\"fusion-layout-column fusion_builder_column fusion-builder-column-0 fusion_builder_column_1_1 1_1 fusion-flex-column\" style=\"--awb-bg-size:cover;--awb-width-large:100%;--awb-margin-top-large:15px;--awb-spacing-right-large:1.92%;--awb-margin-bottom-large:15px;--awb-spacing-left-large:1.92%;--awb-width-medium:100%;--awb-order-medium:0;--awb-spacing-right-medium:1.92%;--awb-spacing-left-medium:1.92%;--awb-width-small:100%;--awb-order-small:0;--awb-spacing-right-small:1.92%;--awb-spacing-left-small:1.92%;\"><div class=\"fusion-column-wrapper fusion-column-has-shadow fusion-flex-justify-content-flex-start fusion-content-layout-column\"><div class=\"fusion-title title fusion-title-1 fusion-sep-none fusion-title-center fusion-title-text fusion-title-size-one\" style=\"--awb-text-color:var(--awb-color1);\"><h1 class=\"title-heading-center fusion-responsive-typography-calculated\" style=\"margin:0;text-transform:uppercase;--fontSize:85;line-height:var(--awb-typography1-line-height);\">Kayak Muralla de Finestres<\/h1><\/div><\/div><\/div><\/div><\/div><div class=\"fusion-fullwidth fullwidth-box fusion-builder-row-2 fusion-flex-container has-pattern-background has-mask-background nonhundred-percent-fullwidth non-hundred-percent-height-scrolling\" style=\"--awb-border-radius-top-left:0px;--awb-border-radius-top-right:0px;--awb-border-radius-bottom-right:0px;--awb-border-radius-bottom-left:0px;--awb-padding-top:0%;--awb-padding-bottom:0%;--awb-margin-top:0px;--awb-margin-bottom:0px;\" ><div class=\"fusion-builder-row fusion-row fusion-flex-align-items-flex-start\" style=\"max-width:1216.8px;margin-left: calc(-4% \/ 2 );margin-right: calc(-4% \/ 2 );\"><div class=\"fusion-layout-column fusion_builder_column fusion-builder-column-1 fusion_builder_column_1_1 1_1 fusion-flex-column\" style=\"--awb-bg-size:cover;--awb-width-large:100%;--awb-margin-top-large:-120px;--awb-spacing-right-large:1.92%;--awb-margin-bottom-large:0px;--awb-spacing-left-large:1.92%;--awb-width-medium:100%;--awb-order-medium:0;--awb-spacing-right-medium:1.92%;--awb-spacing-left-medium:1.92%;--awb-width-small:100%;--awb-order-small:0;--awb-spacing-right-small:1.92%;--awb-spacing-left-small:1.92%;\"><div class=\"fusion-column-wrapper fusion-column-has-shadow fusion-flex-justify-content-flex-start fusion-content-layout-column\"><div class=\"fusion-section-separator section-separator waves-opacity fusion-section-separator-1\" style=\"--awb-spacer-padding-top:inherit;--awb-svg-margin-left:1.92%;--awb-svg-margin-right:1.92%;--awb-svg-margin-left-medium:1.92%;--awb-svg-margin-right-medium:1.92%;--awb-svg-margin-left-small:1.92%;--awb-svg-margin-right-small:1.92%;--awb-divider-height:120px;--awb-spacer-height:120px;--awb-sep-font-size:0;--awb-sep-line-height:0;\"><div class=\"fusion-section-separator-svg\"><svg class=\"fusion-waves-opacity-candy\" fill=\"var(--awb-color1)\" xmlns=\"http:\/\/www.w3.org\/2000\/svg\" version=\"1.1\" width=\"100%\" viewBox=\"0 0 1024 216\" preserveAspectRatio=\"none\" fill=\"rgba(255,255,255,1)\"><path class=\"st0\" d=\"M0 216.068h1024l.1-105.2c-14.6-3.2-30.2-5.8-47.1-7.6-178.6-19.6-279.5 56.8-464.3 41.3-206.5-17.2-248.4-128.8-455-143.8-19-1.3-38.3-.2-57.7.3v215z\"\/>\n\t\t\t\t\t\t\t\t\t\t<path class=\"st1\" d=\"M0 20.068v196.144h1024v-79.744c-22.7-6.4-47.9-11.4-76.2-14.6-178.6-19.8-272.2 53.9-457.1 38.4-206.6-17.2-197.3-124.7-403.9-139.8-27.2-2-56.6-2-86.8-.4z\"\/>\n\t\t\t\t\t\t\t\t\t\t<path class=\"st2\" d=\"M0 216.212h1024v-35.744c-45.1-15.4-95.2-27.7-150-33.7-178.6-19.8-220.6 46.8-405.4 31.3-206.6-17.2-197.8-114.7-404.4-129.7-20.4-1.5-42-2-64.2-1.7v169.544z\"\/>\n\t\t\t\t\t\t\t\t\t\t<path class=\"st3\" d=\"M0 216.312h1024v-3.044c-50.8-17.1-108.7-30.7-172.7-37.9-178.6-19.8-220 36.8-404.9 21.3-206.6-17.2-228-126.5-434.5-141.6-3.9-.3-7.9-.5-11.9-.7v161.944z\"\/>\n\t\t\t\t\t\t\t\t\t<\/svg><\/div><div class=\"fusion-section-separator-spacer\"><div class=\"fusion-section-separator-spacer-height\"><\/div><\/div><\/div><\/div><\/div><\/div><\/div><div class=\"fusion-fullwidth fullwidth-box fusion-builder-row-3 fusion-flex-container has-pattern-background has-mask-background nonhundred-percent-fullwidth non-hundred-percent-height-scrolling\" style=\"--awb-border-radius-top-left:0px;--awb-border-radius-top-right:0px;--awb-border-radius-bottom-right:0px;--awb-border-radius-bottom-left:0px;\" ><div class=\"fusion-builder-row fusion-row fusion-flex-align-items-flex-start fusion-flex-justify-content-center\" style=\"max-width:1216.8px;margin-left: calc(-4% \/ 2 );margin-right: calc(-4% \/ 2 );\"><div class=\"fusion-layout-column fusion_builder_column fusion-builder-column-2 awb-sticky awb-sticky-small awb-sticky-medium awb-sticky-large fusion_builder_column_1_5 1_5 fusion-flex-column fusion-no-small-visibility fusion-no-medium-visibility\" style=\"--awb-padding-top:30px;--awb-bg-blend:overlay;--awb-bg-size:cover;--awb-width-large:20%;--awb-margin-top-large:20px;--awb-spacing-right-large:0;--awb-margin-bottom-large:15px;--awb-spacing-left-large:9.6%;--awb-width-medium:100%;--awb-order-medium:0;--awb-spacing-right-medium:1.92%;--awb-spacing-left-medium:1.92%;--awb-width-small:100%;--awb-order-small:0;--awb-spacing-right-small:1.92%;--awb-spacing-left-small:1.92%;\"><div class=\"fusion-column-wrapper fusion-column-has-shadow fusion-flex-justify-content-flex-start fusion-content-layout-column\"><div class=\"fusion-text fusion-text-1\" style=\"--awb-content-alignment:left;--awb-margin-right:30px;\"><h5>ACTIVIDADES<\/h5>\n<\/div><nav class=\"awb-menu awb-menu_column awb-menu_em-hover mobile-mode-collapse-to-button awb-menu_icons-left awb-menu_dc-yes mobile-trigger-fullwidth-off awb-menu_mobile-toggle awb-menu_indent-left mobile-size-full-absolute loading mega-menu-loading awb-menu_desktop awb-menu_dropdown awb-menu_expand-right awb-menu_transition-fade\" style=\"--awb-items-padding-right:30px;--awb-color:var(--awb-color8);--awb-active-color:var(--awb-color1);--awb-active-bg:var(--awb-color5);--awb-main-justify-content:flex-start;--awb-mobile-justify:flex-start;--awb-mobile-caret-left:auto;--awb-mobile-caret-right:0;--awb-fusion-font-family-typography:inherit;--awb-fusion-font-style-typography:normal;--awb-fusion-font-weight-typography:400;--awb-fusion-font-family-submenu-typography:inherit;--awb-fusion-font-style-submenu-typography:normal;--awb-fusion-font-weight-submenu-typography:400;--awb-fusion-font-family-mobile-typography:inherit;--awb-fusion-font-style-mobile-typography:normal;--awb-fusion-font-weight-mobile-typography:400;\" aria-label=\"Menu\" data-breakpoint=\"1000\" data-count=\"0\" data-transition-type=\"fade\" data-transition-time=\"300\"><button type=\"button\" class=\"awb-menu__m-toggle awb-menu__m-toggle_no-text\" aria-expanded=\"false\" aria-controls=\"menu-categories-activitats\"><span class=\"awb-menu__m-toggle-inner\"><span class=\"collapsed-nav-text\"><span class=\"screen-reader-text\">Toggle Navigation<\/span><\/span><span class=\"awb-menu__m-collapse-icon awb-menu__m-collapse-icon_no-text\"><span class=\"awb-menu__m-collapse-icon-open awb-menu__m-collapse-icon-open_no-text fa-bars fas\"><\/span><span class=\"awb-menu__m-collapse-icon-close awb-menu__m-collapse-icon-close_no-text fa-times fas\"><\/span><\/span><\/span><\/button><ul id=\"menu-categories-activitats\" class=\"fusion-menu awb-menu__main-ul awb-menu__main-ul_column\"><li  id=\"menu-item-1814\"  class=\"menu-item menu-item-type-post_type menu-item-object-page menu-item-1814 awb-menu__li awb-menu__main-li awb-menu__main-li_regular\"  data-item-id=\"1814\"><span class=\"awb-menu__main-background-default awb-menu__main-background-default_fade\"><\/span><span class=\"awb-menu__main-background-active awb-menu__main-background-active_fade\"><\/span><a  href=\"https:\/\/montsecactiva.compsa.net\/activitats\/kayak-light\/\" class=\"awb-menu__main-a awb-menu__main-a_regular\"><span class=\"menu-text\">Kayak Light<\/span><\/a><\/li><li  id=\"menu-item-1951\"  class=\"menu-item menu-item-type-post_type menu-item-object-page menu-item-1951 awb-menu__li awb-menu__main-li awb-menu__main-li_regular\"  data-item-id=\"1951\"><span class=\"awb-menu__main-background-default awb-menu__main-background-default_fade\"><\/span><span class=\"awb-menu__main-background-active awb-menu__main-background-active_fade\"><\/span><a  href=\"https:\/\/montsecactiva.compsa.net\/activitats\/kayak-mont-rebei\/\" class=\"awb-menu__main-a awb-menu__main-a_regular\"><span class=\"menu-text\">Kayak Mont-rebei<\/span><\/a><\/li><li  id=\"menu-item-1950\"  class=\"menu-item menu-item-type-post_type menu-item-object-page menu-item-1950 awb-menu__li awb-menu__main-li awb-menu__main-li_regular\"  data-item-id=\"1950\"><span class=\"awb-menu__main-background-default awb-menu__main-background-default_fade\"><\/span><span class=\"awb-menu__main-background-active awb-menu__main-background-active_fade\"><\/span><a  href=\"https:\/\/montsecactiva.compsa.net\/activitats\/kayak-congost-de-fet\/\" class=\"awb-menu__main-a awb-menu__main-a_regular\"><span class=\"menu-text\">Kayak Congost de Fet<\/span><\/a><\/li><li  id=\"menu-item-1952\"  class=\"menu-item menu-item-type-post_type menu-item-object-page menu-item-1952 awb-menu__li awb-menu__main-li awb-menu__main-li_regular\"  data-item-id=\"1952\"><span class=\"awb-menu__main-background-default awb-menu__main-background-default_fade\"><\/span><span class=\"awb-menu__main-background-active awb-menu__main-background-active_fade\"><\/span><a  href=\"https:\/\/montsecactiva.compsa.net\/activitats\/kayak-muralla-de-finestres\/\" class=\"awb-menu__main-a awb-menu__main-a_regular\"><span class=\"menu-text\">Kayak Muralla de Finestres<\/span><\/a><\/li><li  id=\"menu-item-1949\"  class=\"menu-item menu-item-type-post_type menu-item-object-page menu-item-1949 awb-menu__li awb-menu__main-li awb-menu__main-li_regular\"  data-item-id=\"1949\"><span class=\"awb-menu__main-background-default awb-menu__main-background-default_fade\"><\/span><span class=\"awb-menu__main-background-active awb-menu__main-background-active_fade\"><\/span><a  href=\"https:\/\/montsecactiva.compsa.net\/activitats\/kayak-trek-del-congost\/\" class=\"awb-menu__main-a awb-menu__main-a_regular\"><span class=\"menu-text\">Kayak + Trek del Congost<\/span><\/a><\/li><li  id=\"menu-item-1947\"  class=\"menu-item menu-item-type-post_type menu-item-object-page menu-item-1947 awb-menu__li awb-menu__main-li awb-menu__main-li_regular\"  data-item-id=\"1947\"><span class=\"awb-menu__main-background-default awb-menu__main-background-default_fade\"><\/span><span class=\"awb-menu__main-background-active awb-menu__main-background-active_fade\"><\/span><a  href=\"https:\/\/montsecactiva.compsa.net\/activitats\/kayak-trek-arago\/\" class=\"awb-menu__main-a awb-menu__main-a_regular\"><span class=\"menu-text\">Kayak + Trek Arag\u00f3<\/span><\/a><\/li><li  id=\"menu-item-1948\"  class=\"menu-item menu-item-type-post_type menu-item-object-page menu-item-1948 awb-menu__li awb-menu__main-li awb-menu__main-li_regular\"  data-item-id=\"1948\"><span class=\"awb-menu__main-background-default awb-menu__main-background-default_fade\"><\/span><span class=\"awb-menu__main-background-active awb-menu__main-background-active_fade\"><\/span><a  href=\"https:\/\/montsecactiva.compsa.net\/activitats\/kayak-trek-la-pertusa\/\" class=\"awb-menu__main-a awb-menu__main-a_regular\"><span class=\"menu-text\">Kayak + Trek la Pertusa<\/span><\/a><\/li><li  id=\"menu-item-1955\"  class=\"menu-item menu-item-type-post_type menu-item-object-page menu-item-1955 awb-menu__li awb-menu__main-li awb-menu__main-li_regular\"  data-item-id=\"1955\"><span class=\"awb-menu__main-background-default awb-menu__main-background-default_fade\"><\/span><span class=\"awb-menu__main-background-active awb-menu__main-background-active_fade\"><\/span><a  href=\"https:\/\/montsecactiva.compsa.net\/activitats\/senderisme-mont-rebei\/\" class=\"awb-menu__main-a awb-menu__main-a_regular\"><span class=\"menu-text\">Senderismo Mont-rebei<\/span><\/a><\/li><li  id=\"menu-item-1954\"  class=\"menu-item menu-item-type-post_type menu-item-object-page menu-item-1954 awb-menu__li awb-menu__main-li awb-menu__main-li_regular\"  data-item-id=\"1954\"><span class=\"awb-menu__main-background-default awb-menu__main-background-default_fade\"><\/span><span class=\"awb-menu__main-background-active awb-menu__main-background-active_fade\"><\/span><a  href=\"https:\/\/montsecactiva.compsa.net\/activitats\/senderisme-cami-de-la-pertusa\/\" class=\"awb-menu__main-a awb-menu__main-a_regular\"><span class=\"menu-text\">Senderismo camino de la Pertusa<\/span><\/a><\/li><li  id=\"menu-item-1953\"  class=\"menu-item menu-item-type-post_type menu-item-object-page menu-item-1953 awb-menu__li awb-menu__main-li awb-menu__main-li_regular\"  data-item-id=\"1953\"><span class=\"awb-menu__main-background-default awb-menu__main-background-default_fade\"><\/span><span class=\"awb-menu__main-background-active awb-menu__main-background-active_fade\"><\/span><a  href=\"https:\/\/montsecactiva.compsa.net\/activitats\/senderisme-cami-darago\/\" class=\"awb-menu__main-a awb-menu__main-a_regular\"><span class=\"menu-text\">Senderismo camino de Arag\u00f3<\/span><\/a><\/li><li  id=\"menu-item-1956\"  class=\"menu-item menu-item-type-post_type menu-item-object-page menu-item-1956 awb-menu__li awb-menu__main-li awb-menu__main-li_regular\"  data-item-id=\"1956\"><span class=\"awb-menu__main-background-default awb-menu__main-background-default_fade\"><\/span><span class=\"awb-menu__main-background-active awb-menu__main-background-active_fade\"><\/span><a  href=\"https:\/\/montsecactiva.compsa.net\/activitats\/vaixell-mont-rebei\/\" class=\"awb-menu__main-a awb-menu__main-a_regular\"><span class=\"menu-text\">Barco Mont-rebei<\/span><\/a><\/li><li  id=\"menu-item-1957\"  class=\"menu-item menu-item-type-post_type menu-item-object-page menu-item-1957 awb-menu__li awb-menu__main-li awb-menu__main-li_regular\"  data-item-id=\"1957\"><span class=\"awb-menu__main-background-default awb-menu__main-background-default_fade\"><\/span><span class=\"awb-menu__main-background-active awb-menu__main-background-active_fade\"><\/span><a  href=\"https:\/\/montsecactiva.compsa.net\/activitats\/vaixell-muralla-de-finestres\/\" class=\"awb-menu__main-a awb-menu__main-a_regular\"><span class=\"menu-text\">Barco Muralla de Finestres<\/span><\/a><\/li><\/ul><\/nav><\/div><\/div><div class=\"fusion-layout-column fusion_builder_column fusion-builder-column-3 fusion_builder_column_4_5 4_5 fusion-flex-column fusion-no-small-visibility fusion-no-medium-visibility\" style=\"--awb-padding-top:30px;--awb-padding-bottom:30px;--awb-padding-left:80px;--awb-bg-size:cover;--awb-border-color:var(--awb-color3);--awb-border-left:2px;--awb-border-style:solid;--awb-width-large:80%;--awb-margin-top-large:0px;--awb-spacing-right-large:2.4%;--awb-margin-bottom-large:0px;--awb-spacing-left-large:0;--awb-width-medium:100%;--awb-order-medium:0;--awb-spacing-right-medium:1.92%;--awb-spacing-left-medium:1.92%;--awb-width-small:100%;--awb-order-small:0;--awb-spacing-right-small:1.92%;--awb-spacing-left-small:1.92%;\"><div class=\"fusion-column-wrapper fusion-column-has-shadow fusion-flex-justify-content-flex-start fusion-content-layout-column\"><div class=\"fusion-text fusion-text-2\"><p style=\"text-align: center;\">\u00bfEn qu\u00e9 consiste?<\/p>\n<h5 style=\"text-align: center;\">Kayak Muralla de Finestres<\/h5>\n<\/div><i class=\"fb-icon-element-1 fb-icon-element fontawesome-icon fa-angle-down fas circle-no\" style=\"--awb-iconcolor:var(--awb-color5);--awb-iconcolor-hover:var(--awb-color5);--awb-font-size:40px;--awb-align-self:center;--awb-margin-top:0px;--awb-margin-right:0px;--awb-margin-bottom:10px;--awb-margin-left:0px;\"><\/i><div style=\"text-align:center;\"><a class=\"fusion-button button-flat fusion-button-default-size button-default fusion-button-default button-1 fusion-button-default-span fusion-button-default-type\" style=\"--button_margin-top:-10px;--button_margin-bottom:20px;\" target=\"_self\" href=\"#reservar\"><span class=\"fusion-button-text\">Reservar<\/span><\/a><\/div><div class=\"fusion-text fusion-text-3\" style=\"--awb-content-alignment:center;\"><p><strong>La Muralla de Finestres<\/strong> es una doble l\u00ednea de estratos verticales fruto de un plegamiento, que contemplados, conforman un paisaje realmente extraordinario. Entre las dos l\u00edneas de estratos se encuentran la ermita rom\u00e1nica de Sant Vicen\u00e7 (s.XI) y los escasos restos de un castillo medieval.<\/p>\n<p>La <strong>primera parte<\/strong> del recorrido transcurre por el <strong>congost de Fet<\/strong> y despu\u00e9s se dirige a la Quadra de Blancafort. Son los restos de un antiguo castillo roquero que se construy\u00f3 aprovechando las grutas y agujeros naturales, protegi\u00e9ndolos con muros de piedra. Actualmente, se pueden observar algunos nidos de buitres. <strong>Seguidamente<\/strong> veremos ante nosotros la espectacular <strong>muralla de Finestres<\/strong>.<\/p>\n<p>Es una <strong>excursi\u00f3n exigente<\/strong> para realizar en una jornada si no sois palistas habituales. Ahora bien, como <strong>expedici\u00f3n de 2 d\u00edas<\/strong>, se <strong>apta por todos.<\/strong><\/p>\n<p>Nuestro itinerario ofrece una experiencia completa: <strong>ida en kayak y vuelta en kayak.<\/strong> Aventura, paisajes y comodidad garantizados. <strong>\u00a1Reserva ahora!<\/strong><\/p>\n<\/div><div class=\"fusion-content-boxes content-boxes columns row fusion-columns-3 fusion-columns-total-6 fusion-content-boxes-1 content-boxes-icon-on-top content-left\" style=\"--awb-title-color:var(--awb-color6);--awb-margin-top:30px;--awb-margin-bottom:20px;--awb-hover-accent-color:var(--awb-color8);--awb-circle-hover-accent-color:var(--awb-color8);\" data-animationOffset=\"top-into-view\"><div style=\"--awb-backgroundcolor:rgba(255,255,255,0);\" class=\"fusion-column content-box-column content-box-column content-box-column-1 col-lg-4 col-md-4 col-sm-4 fusion-content-box-hover content-box-column-first-in-row\"><div class=\"col content-box-wrapper content-wrapper link-area-link-icon icon-hover-animation-fade\" data-animationOffset=\"top-into-view\"><div class=\"heading heading-with-icon icon-left\"><div aria-hidden=\"true\" class=\"image\"><img class=\"lazyload\" src=\"data:image\/svg+xml,%3Csvg%20xmlns%3D%27http%3A%2F%2Fwww.w3.org%2F2000%2Fsvg%27%20width%3D%27512%27%20height%3D%27512%27%20viewBox%3D%270%200%20512%20512%27%3E%3Crect%20width%3D%27512%27%20height%3D%27512%27%20fill-opacity%3D%220%22%2F%3E%3C%2Fsvg%3E\" data-orig-src=\"https:\/\/montsecactiva.compsa.net\/wp-content\/uploads\/2023\/05\/icona_guia.png\" width=\"75\" height=\"75\" alt=\"\" \/><\/div><h3 class=\"content-box-heading fusion-responsive-typography-calculated\" style=\"--h3_typography-font-size:21px;--fontSize:21;line-height:1;\">Gu\u00eda<\/h3><\/div><div class=\"fusion-clearfix\"><\/div><div class=\"content-container\">\n<p>Opcional<\/p>\n<\/div><\/div><\/div><div style=\"--awb-backgroundcolor:rgba(255,255,255,0);\" class=\"fusion-column content-box-column content-box-column content-box-column-2 col-lg-4 col-md-4 col-sm-4 fusion-content-box-hover \"><div class=\"col content-box-wrapper content-wrapper link-area-link-icon icon-hover-animation-fade\" data-animationOffset=\"top-into-view\"><div class=\"heading heading-with-icon icon-left\"><div aria-hidden=\"true\" class=\"image\"><img class=\"lazyload\" src=\"data:image\/svg+xml,%3Csvg%20xmlns%3D%27http%3A%2F%2Fwww.w3.org%2F2000%2Fsvg%27%20width%3D%27512%27%20height%3D%27512%27%20viewBox%3D%270%200%20512%20512%27%3E%3Crect%20width%3D%27512%27%20height%3D%27512%27%20fill-opacity%3D%220%22%2F%3E%3C%2Fsvg%3E\" data-orig-src=\"https:\/\/montsecactiva.compsa.net\/wp-content\/uploads\/2023\/05\/icona_distancia_x-2.png\" width=\"75\" height=\"75\" alt=\"\" \/><\/div><h3 class=\"content-box-heading fusion-responsive-typography-calculated\" style=\"--h3_typography-font-size:21px;--fontSize:21;line-height:1;\">Distancia<\/h3><\/div><div class=\"fusion-clearfix\"><\/div><div class=\"content-container\">\n<p>22 KM<\/p>\n<\/div><\/div><\/div><div style=\"--awb-backgroundcolor:rgba(255,255,255,0);\" class=\"fusion-column content-box-column content-box-column content-box-column-3 col-lg-4 col-md-4 col-sm-4 fusion-content-box-hover content-box-column-last-in-row\"><div class=\"col content-box-wrapper content-wrapper link-area-link-icon icon-hover-animation-fade\" data-animationOffset=\"top-into-view\"><div class=\"heading heading-with-icon icon-left\"><div aria-hidden=\"true\" class=\"image\"><img class=\"lazyload\" src=\"data:image\/svg+xml,%3Csvg%20xmlns%3D%27http%3A%2F%2Fwww.w3.org%2F2000%2Fsvg%27%20width%3D%27512%27%20height%3D%27512%27%20viewBox%3D%270%200%20512%20512%27%3E%3Crect%20width%3D%27512%27%20height%3D%27512%27%20fill-opacity%3D%220%22%2F%3E%3C%2Fsvg%3E\" data-orig-src=\"https:\/\/montsecactiva.compsa.net\/wp-content\/uploads\/2023\/05\/icona_velocimetre-1.png\" width=\"75\" height=\"75\" alt=\"\" \/><\/div><h3 class=\"content-box-heading fusion-responsive-typography-calculated\" style=\"--h3_typography-font-size:21px;--fontSize:21;line-height:1;\">Dificultad<\/h3><\/div><div class=\"fusion-clearfix\"><\/div><div class=\"content-container\">\n<p>Alta (1 jornada) &#8211; Media (2 jornadas)<\/p>\n<\/div><\/div><\/div><div style=\"--awb-backgroundcolor:rgba(255,255,255,0);\" class=\"fusion-column content-box-column content-box-column content-box-column-4 col-lg-4 col-md-4 col-sm-4 fusion-content-box-hover content-box-column-first-in-row\"><div class=\"col content-box-wrapper content-wrapper link-area-link-icon icon-hover-animation-fade\" data-animationOffset=\"top-into-view\"><div class=\"heading heading-with-icon icon-left\"><div aria-hidden=\"true\" class=\"image\"><img class=\"lazyload\" src=\"data:image\/svg+xml,%3Csvg%20xmlns%3D%27http%3A%2F%2Fwww.w3.org%2F2000%2Fsvg%27%20width%3D%27512%27%20height%3D%27512%27%20viewBox%3D%270%200%20512%20512%27%3E%3Crect%20width%3D%27512%27%20height%3D%27512%27%20fill-opacity%3D%220%22%2F%3E%3C%2Fsvg%3E\" data-orig-src=\"https:\/\/montsecactiva.compsa.net\/wp-content\/uploads\/2023\/05\/icona_lloguer.png\" width=\"75\" height=\"75\" alt=\"\" \/><\/div><h3 class=\"content-box-heading fusion-responsive-typography-calculated\" style=\"--h3_typography-font-size:21px;--fontSize:21;line-height:1;\">Alquiler<\/h3><\/div><div class=\"fusion-clearfix\"><\/div><div class=\"content-container\">\n<p>Alquiler desde las 10h hasta las 18h<\/p>\n<\/div><\/div><\/div><div style=\"--awb-backgroundcolor:rgba(255,255,255,0);\" class=\"fusion-column content-box-column content-box-column content-box-column-5 col-lg-4 col-md-4 col-sm-4 fusion-content-box-hover \"><div class=\"col content-box-wrapper content-wrapper link-area-link-icon icon-hover-animation-fade\" data-animationOffset=\"top-into-view\"><div class=\"heading heading-with-icon icon-left\"><div aria-hidden=\"true\" class=\"image\"><img class=\"lazyload\" src=\"data:image\/svg+xml,%3Csvg%20xmlns%3D%27http%3A%2F%2Fwww.w3.org%2F2000%2Fsvg%27%20width%3D%27512%27%20height%3D%27512%27%20viewBox%3D%270%200%20512%20512%27%3E%3Crect%20width%3D%27512%27%20height%3D%27512%27%20fill-opacity%3D%220%22%2F%3E%3C%2Fsvg%3E\" data-orig-src=\"https:\/\/montsecactiva.compsa.net\/wp-content\/uploads\/2023\/05\/icona-kayak-1.png\" width=\"75\" height=\"75\" alt=\"\" \/><\/div><h3 class=\"content-box-heading fusion-responsive-typography-calculated\" style=\"--h3_typography-font-size:21px;--fontSize:21;line-height:1;\">Ida<\/h3><\/div><div class=\"fusion-clearfix\"><\/div><div class=\"content-container\">\n<p>Ida con kayak<\/p>\n<\/div><\/div><\/div><div style=\"--awb-backgroundcolor:rgba(255,255,255,0);\" class=\"fusion-column content-box-column content-box-column content-box-column-6 col-lg-4 col-md-4 col-sm-4 fusion-content-box-hover content-box-column-last content-box-column-last-in-row\"><div class=\"col content-box-wrapper content-wrapper link-area-link-icon icon-hover-animation-fade\" data-animationOffset=\"top-into-view\"><div class=\"heading heading-with-icon icon-left\"><div aria-hidden=\"true\" class=\"image\"><img class=\"lazyload\" src=\"data:image\/svg+xml,%3Csvg%20xmlns%3D%27http%3A%2F%2Fwww.w3.org%2F2000%2Fsvg%27%20width%3D%27512%27%20height%3D%27512%27%20viewBox%3D%270%200%20512%20512%27%3E%3Crect%20width%3D%27512%27%20height%3D%27512%27%20fill-opacity%3D%220%22%2F%3E%3C%2Fsvg%3E\" data-orig-src=\"https:\/\/montsecactiva.compsa.net\/wp-content\/uploads\/2023\/05\/icona-kayak-1.png\" width=\"75\" height=\"75\" alt=\"\" \/><\/div><h3 class=\"content-box-heading fusion-responsive-typography-calculated\" style=\"--h3_typography-font-size:21px;--fontSize:21;line-height:1;\">Vuelta<\/h3><\/div><div class=\"fusion-clearfix\"><\/div><div class=\"content-container\">\n<p>Vuelta con kayak<\/p>\n<\/div><\/div><\/div><div class=\"fusion-clearfix\"><\/div><\/div><div class=\"fusion-builder-row fusion-builder-row-inner fusion-row fusion-flex-align-items-flex-start fusion-flex-justify-content-center\" style=\"width:104% !important;max-width:104% !important;margin-left: calc(-4% \/ 2 );margin-right: calc(-4% \/ 2 );\"><div class=\"fusion-layout-column fusion_builder_column_inner fusion-builder-nested-column-0 fusion_builder_column_inner_1_2 1_2 fusion-flex-column\" style=\"--awb-padding-top:30px;--awb-padding-right:30px;--awb-padding-bottom:30px;--awb-padding-left:30px;--awb-overflow:hidden;--awb-bg-image:linear-gradient(180deg, rgba(1,26,93,0.7) 0%,rgba(1,26,93,0.6) 100%);;--awb-bg-position:left center;--awb-bg-size:cover;--awb-box-shadow:1px 1px 5px 0px var(--awb-color6);;--awb-border-radius:25px 0px 25px 0px;--awb-width-large:50%;--awb-margin-top-large:15px;--awb-spacing-right-large:3.84%;--awb-margin-bottom-large:15px;--awb-spacing-left-large:3.84%;--awb-width-medium:100%;--awb-order-medium:0;--awb-spacing-right-medium:1.92%;--awb-spacing-left-medium:1.92%;--awb-width-small:100%;--awb-order-small:0;--awb-spacing-right-small:1.92%;--awb-spacing-left-small:1.92%;\"><div class=\"fusion-column-wrapper lazyload fusion-column-has-shadow fusion-flex-justify-content-flex-start fusion-content-layout-column\" data-bg-url=\"https:\/\/montsecactiva.compsa.net\/wp-content\/uploads\/2023\/05\/Kayak_light_incloure.jpg\" data-bg=\"https:\/\/montsecactiva.compsa.net\/wp-content\/uploads\/2023\/05\/Kayak_light_incloure.jpg\" data-bg-gradient=\"linear-gradient(180deg, rgba(1,26,93,0.7) 0%,rgba(1,26,93,0.6) 100%)\"><div class=\"fusion-text fusion-text-4\" style=\"--awb-content-alignment:left;--awb-text-color:var(--awb-color1);\"><h5 style=\"color: #ffffff;\">\u00bfQu\u00e9 incluye la actividad?<\/h5>\n<\/div><ul style=\"--awb-margin-bottom:33px;--awb-iconcolor:var(--awb-color1);--awb-textcolor:var(--awb-color1);--awb-line-height:23.8px;--awb-icon-width:23.8px;--awb-icon-height:23.8px;--awb-icon-margin:9.8px;--awb-content-margin:33.6px;\" class=\"fusion-checklist fusion-checklist-1 fusion-checklist-default type-icons\"><li class=\"fusion-li-item\" style=\"\"><span class=\"icon-wrapper circle-no\"><i class=\"fusion-li-icon fa-arrow-right fas\" aria-hidden=\"true\"><\/i><\/span><div class=\"fusion-li-item-content\">\n<p>Kayak<\/p>\n<\/div><\/li><li class=\"fusion-li-item\" style=\"\"><span class=\"icon-wrapper circle-no\"><i class=\"fusion-li-icon fa-arrow-right fas\" aria-hidden=\"true\"><\/i><\/span><div class=\"fusion-li-item-content\">\n<p>Pala o remo<\/p>\n<\/div><\/li><li class=\"fusion-li-item\" style=\"\"><span class=\"icon-wrapper circle-no\"><i class=\"fusion-li-icon fa-arrow-right fas\" aria-hidden=\"true\"><\/i><\/span><div class=\"fusion-li-item-content\">\n<p>Chaleco de flotaci\u00f3n<\/p>\n<\/div><\/li><li class=\"fusion-li-item\" style=\"\"><span class=\"icon-wrapper circle-no\"><i class=\"fusion-li-icon fa-arrow-right fas\" aria-hidden=\"true\"><\/i><\/span><div class=\"fusion-li-item-content\">Bote estanco (uno por embarcaci\u00f3n)<\/div><\/li><li class=\"fusion-li-item\" style=\"\"><span class=\"icon-wrapper circle-no\"><i class=\"fusion-li-icon fa-arrow-right fas\" aria-hidden=\"true\"><\/i><\/span><div class=\"fusion-li-item-content\">Casco (congost de Mont-rebei)<\/div><\/li><li class=\"fusion-li-item\" style=\"\"><span class=\"icon-wrapper circle-no\"><i class=\"fusion-li-icon fa-arrow-right fas\" aria-hidden=\"true\"><\/i><\/span><div class=\"fusion-li-item-content\">Explicaci\u00f3n del funcionamiento del kayak<\/div><\/li><\/ul><\/div><\/div><div class=\"fusion-layout-column fusion_builder_column_inner fusion-builder-nested-column-1 fusion_builder_column_inner_1_2 1_2 fusion-flex-column\" style=\"--awb-padding-top:30px;--awb-padding-right:30px;--awb-padding-bottom:30px;--awb-padding-left:30px;--awb-overflow:hidden;--awb-bg-image:linear-gradient(180deg, rgba(1,26,93,0.7) 0%,rgba(1,26,93,0.6) 100%);;--awb-bg-size:cover;--awb-box-shadow:1px 1px 5px 0px var(--awb-color6);;--awb-border-radius:0px 25px 0px 25px;--awb-width-large:50%;--awb-margin-top-large:15px;--awb-spacing-right-large:3.84%;--awb-margin-bottom-large:15px;--awb-spacing-left-large:3.84%;--awb-width-medium:100%;--awb-order-medium:0;--awb-spacing-right-medium:1.92%;--awb-spacing-left-medium:1.92%;--awb-width-small:100%;--awb-order-small:0;--awb-spacing-right-small:1.92%;--awb-spacing-left-small:1.92%;\"><div class=\"fusion-column-wrapper lazyload fusion-column-has-shadow fusion-flex-justify-content-flex-start fusion-content-layout-column\" data-bg-url=\"https:\/\/montsecactiva.compsa.net\/wp-content\/uploads\/2023\/05\/Kayak_light_portar.jpg\" data-bg=\"https:\/\/montsecactiva.compsa.net\/wp-content\/uploads\/2023\/05\/Kayak_light_portar.jpg\" data-bg-gradient=\"linear-gradient(180deg, rgba(1,26,93,0.7) 0%,rgba(1,26,93,0.6) 100%)\"><div class=\"fusion-text fusion-text-5\" style=\"--awb-content-alignment:left;--awb-text-color:var(--awb-color1);\"><h5 style=\"color: #ffffff;\">\u00bfQu\u00e9 debe llevar?<\/h5>\n<\/div><ul style=\"--awb-iconcolor:var(--awb-color1);--awb-textcolor:var(--awb-color1);--awb-line-height:23.8px;--awb-icon-width:23.8px;--awb-icon-height:23.8px;--awb-icon-margin:9.8px;--awb-content-margin:33.6px;\" class=\"fusion-checklist fusion-checklist-2 fusion-checklist-default type-icons\"><li class=\"fusion-li-item\" style=\"\"><span class=\"icon-wrapper circle-no\"><i class=\"fusion-li-icon fa-arrow-right fas\" aria-hidden=\"true\"><\/i><\/span><div class=\"fusion-li-item-content\">Agua o cualquier bebida hidratante<\/div><\/li><li class=\"fusion-li-item\" style=\"\"><span class=\"icon-wrapper circle-no\"><i class=\"fusion-li-icon fa-arrow-right fas\" aria-hidden=\"true\"><\/i><\/span><div class=\"fusion-li-item-content\">Ropa de repuesto \u2013 Es posible que en el trayecto en kayak se moje<\/div><\/li><li class=\"fusion-li-item\" style=\"\"><span class=\"icon-wrapper circle-no\"><i class=\"fusion-li-icon fa-arrow-right fas\" aria-hidden=\"true\"><\/i><\/span><div class=\"fusion-li-item-content\">Sombrero<\/div><\/li><li class=\"fusion-li-item\" style=\"\"><span class=\"icon-wrapper circle-no\"><i class=\"fusion-li-icon fa-arrow-right fas\" aria-hidden=\"true\"><\/i><\/span><div class=\"fusion-li-item-content\">Crema solar<\/div><\/li><li class=\"fusion-li-item\" style=\"\"><span class=\"icon-wrapper circle-no\"><i class=\"fusion-li-icon fa-arrow-right fas\" aria-hidden=\"true\"><\/i><\/span><div class=\"fusion-li-item-content\">Comida (opcional) \u2013 No hay establecimientos durante el trayecto<\/div><\/li><\/ul><div class=\"fusion-separator fusion-full-width-sep\" style=\"align-self: center;margin-left: auto;margin-right: auto;margin-bottom:15px;width:100%;\"><\/div><\/div><\/div><\/div><div class=\"fusion-builder-row fusion-builder-row-inner fusion-row fusion-flex-align-items-flex-start fusion-flex-justify-content-center\" style=\"width:104% !important;max-width:104% !important;margin-left: calc(-4% \/ 2 );margin-right: calc(-4% \/ 2 );\"><div class=\"fusion-layout-column fusion_builder_column_inner fusion-builder-nested-column-2 fusion_builder_column_inner_2_3 2_3 fusion-flex-column\" style=\"--awb-bg-size:cover;--awb-width-large:66.666666666667%;--awb-margin-top-large:15px;--awb-spacing-right-large:2.88%;--awb-margin-bottom-large:15px;--awb-spacing-left-large:2.88%;--awb-width-medium:100%;--awb-order-medium:0;--awb-spacing-right-medium:1.92%;--awb-spacing-left-medium:1.92%;--awb-width-small:100%;--awb-order-small:0;--awb-spacing-right-small:1.92%;--awb-spacing-left-small:1.92%;\"><div class=\"fusion-column-wrapper fusion-column-has-shadow fusion-flex-justify-content-flex-start fusion-content-layout-column\"><div class=\"fusion-text fusion-text-6\" style=\"--awb-content-alignment:left;--awb-margin-top:30px;\"><h5>D\u00f3nde comienza la actividad<\/h5>\n<p>Salida desde la Base N\u00e1utica de Cor\u00e7\u00e0 (Embalse de Canelles) &#8211; APARCAMIENTO GRATUITO<\/p>\n<\/div><div class=\"fusion-text fusion-text-7\"><p><iframe style=\"border: 0;\" src=\"https:\/\/www.google.com\/maps\/embed?pb=!1m18!1m12!1m3!1d2963.645041211683!2d0.6626286766348738!3d42.02934655593016!2m3!1f0!2f0!3f0!3m2!1i1024!2i768!4f13.1!3m3!1m2!1s0x12a653cec8d73543%3A0xf373d0538e00f717!2sEmbarcadero%20de%20Cor%C3%A7%C3%A0!5e0!3m2!1ses!2ses!4v1685443173827!5m2!1ses!2ses\" width=\"100%\" height=\"140px\" allowfullscreen=\"allowfullscreen\"><\/iframe><\/p>\n<\/div><\/div><\/div><div class=\"fusion-layout-column fusion_builder_column_inner fusion-builder-nested-column-3 fusion_builder_column_inner_1_3 1_3 fusion-flex-column\" style=\"--awb-bg-size:cover;--awb-width-large:33.333333333333%;--awb-margin-top-large:15px;--awb-spacing-right-large:5.76%;--awb-margin-bottom-large:15px;--awb-spacing-left-large:5.76%;--awb-width-medium:100%;--awb-order-medium:0;--awb-spacing-right-medium:1.92%;--awb-spacing-left-medium:1.92%;--awb-width-small:100%;--awb-order-small:0;--awb-spacing-right-small:1.92%;--awb-spacing-left-small:1.92%;\"><div class=\"fusion-column-wrapper fusion-column-has-shadow fusion-flex-justify-content-flex-start fusion-content-layout-column\"><div class=\"fusion-text fusion-text-8\" style=\"--awb-content-alignment:left;--awb-margin-top:30px;\"><h5>Conoce los detalles<\/h5>\n<p>\u00a1No te quedes con ninguna duda!<\/p>\n<\/div><div style=\"text-align:center;\"><a class=\"fusion-button button-flat fusion-button-default-size button-default fusion-button-default button-2 fusion-button-default-span fusion-button-default-type\" style=\"--button_text_transform:none;--button_font_size:13px;--button_margin-top:30px;--button_margin-bottom:0px;\" target=\"_self\"><i class=\"fa-long-arrow-alt-down fas button-icon-left\" aria-hidden=\"true\"><\/i><span class=\"fusion-button-text\">Descarga documento con el plano y explicaci\u00f3n del recorrido de la actividad<\/span><\/a><\/div><div style=\"text-align:center;\"><a class=\"fusion-button button-flat fusion-button-default-size button-default fusion-button-default button-3 fusion-button-default-span fusion-button-default-type\" style=\"--button_text_transform:none;--button_font_size:13px;--button_margin-top:0px;--button_margin-bottom:0px;\" target=\"_self\"><i class=\"fa-map-marker-alt fas button-icon-left\" aria-hidden=\"true\"><\/i><span class=\"fusion-button-text\">Ver el itinerario de esta actividad en Google Maps<\/span><\/a><\/div><\/div><\/div><\/div><div class=\"fusion-separator fusion-full-width-sep\" style=\"align-self: center;margin-left: auto;margin-right: auto;margin-top:80px;width:100%;\"><\/div><div class=\"fusion-title title fusion-title-2 fusion-sep-none fusion-title-center fusion-title-text fusion-title-size-one\" style=\"--awb-text-color:var(--awb-color3);\" id=\"reservar\"><h1 class=\"title-heading-center fusion-responsive-typography-calculated\" style=\"margin:0;text-transform:uppercase;--fontSize:85;line-height:var(--awb-typography1-line-height);\">RESERVAR<\/h1><\/div><div class=\"fusion-title title fusion-title-3 fusion-sep-none fusion-title-center fusion-title-text fusion-title-size-two\" style=\"--awb-text-color:var(--awb-color7);--awb-margin-top:-90px;\"><h2 class=\"title-heading-center fusion-responsive-typography-calculated\" style=\"margin:0;text-transform:capitalize;--fontSize:60;line-height:1;\">Reservar<\/h2><\/div><div class=\"fusion-content-boxes content-boxes columns row fusion-columns-1 fusion-columns-total-1 fusion-content-boxes-2 content-boxes-icon-with-title content-left cancelacio-act\" style=\"--awb-backgroundcolor:#ffbfbf;--awb-body-color:#ff6060;--awb-title-color:#ff0000;--awb-iconcolor:#ff0000;--awb-hover-accent-color:#ff0000;--awb-circle-hover-accent-color:transparent;--awb-item-margin-bottom:40px;\" data-animationOffset=\"top-into-view\"><div style=\"--awb-backgroundcolor:#ffbfbf;--awb-iconcolor:#ff0000;\" class=\"fusion-column content-box-column content-box-column content-box-column-1 col-lg-12 col-md-12 col-sm-12 fusion-content-box-hover content-box-column-last content-box-column-last-in-row\"><div class=\"col content-box-wrapper content-wrapper-background link-area-link-icon icon-hover-animation-fade\" data-animationOffset=\"top-into-view\"><div class=\"heading heading-with-icon icon-left\"><div class=\"icon\"><i style=\"background-color:transparent;border-color:transparent;height:auto;width: 32px;line-height:normal;font-size:32px;\" aria-hidden=\"true\" class=\"fontawesome-icon fa-times fas circle-no\"><\/i><\/div><h2 class=\"content-box-heading fusion-responsive-typography-calculated\" style=\"--h2_typography-font-size:30px;--fontSize:30;line-height:1;\">\u00a1ACTIVIDAD CANCELADA!<\/h2><\/div><div class=\"fusion-clearfix\"><\/div><div class=\"content-container\">\n<p>Actualmente y debido al bajo nivel de agua, la actividad de Kayak Muralla de Ventanas, est\u00e1 cancelada.<\/p>\n<\/div><\/div><\/div><div class=\"fusion-clearfix\"><\/div><\/div><\/div><\/div><div class=\"fusion-layout-column fusion_builder_column fusion-builder-column-4 fusion_builder_column_4_5 4_5 fusion-flex-column fusion-no-large-visibility\" style=\"--awb-padding-top:30px;--awb-padding-bottom:30px;--awb-padding-left:80px;--awb-padding-left-medium:0px;--awb-bg-size:cover;--awb-border-color:var(--awb-color3);--awb-border-style:solid;--awb-width-large:80%;--awb-margin-top-large:0px;--awb-spacing-right-large:2.4%;--awb-margin-bottom-large:0px;--awb-spacing-left-large:0;--awb-width-medium:100%;--awb-order-medium:0;--awb-spacing-right-medium:1.92%;--awb-spacing-left-medium:1.92%;--awb-width-small:100%;--awb-order-small:0;--awb-spacing-right-small:1.92%;--awb-spacing-left-small:1.92%;\"><div class=\"fusion-column-wrapper fusion-column-has-shadow fusion-flex-justify-content-flex-start fusion-content-layout-column\"><div class=\"fusion-text fusion-text-9\"><p style=\"text-align: center;\">\u00bfEn qu\u00e9 consiste?<\/p>\n<h5 style=\"text-align: center;\">Kayak Muralla de Finestres<\/h5>\n<\/div><i class=\"fb-icon-element-2 fb-icon-element fontawesome-icon fa-angle-down fas circle-no\" style=\"--awb-iconcolor:var(--awb-color5);--awb-iconcolor-hover:var(--awb-color5);--awb-font-size:40px;--awb-align-self:center;--awb-margin-top:0px;--awb-margin-right:0px;--awb-margin-bottom:10px;--awb-margin-left:0px;\"><\/i><div style=\"text-align:center;\"><a class=\"fusion-button button-flat fusion-button-default-size button-default fusion-button-default button-4 fusion-button-default-span fusion-button-default-type\" style=\"--button_margin-top:-10px;--button_margin-bottom:20px;\" target=\"_self\" href=\"#reservar\"><span class=\"fusion-button-text\">Reservar<\/span><\/a><\/div><div class=\"fusion-text fusion-text-10\" style=\"--awb-content-alignment:center;\"><p><strong>La Muralla de Finestres<\/strong> es una doble l\u00ednea de estratos verticales fruto de un plegamiento, que contemplados, conforman un paisaje realmente extraordinario. Entre las dos l\u00edneas de estratos se encuentran la ermita rom\u00e1nica de Sant Vicen\u00e7 (s.XI) y los escasos restos de un castillo medieval.<\/p>\n<p>La <strong>primera parte<\/strong> del recorrido transcurre por el <strong>congost de Fet<\/strong> y despu\u00e9s se dirige a la Quadra de Blancafort. Son los restos de un antiguo castillo roquero que se construy\u00f3 aprovechando las grutas y agujeros naturales, protegi\u00e9ndolos con muros de piedra. Actualmente, se pueden observar algunos nidos de buitres. <strong>Seguidamente<\/strong> veremos ante nosotros la espectacular <strong>muralla de Finestres<\/strong>.<\/p>\n<p>Es una <strong>excursi\u00f3n exigente<\/strong> para realizar en una jornada si no sois palistas habituales. Ahora bien, como <strong>expedici\u00f3n de 2 d\u00edas<\/strong>, se <strong>apta por todos.<\/strong><\/p>\n<p>Nuestro itinerario ofrece una experiencia completa: <strong>ida en kayak y vuelta en kayak.<\/strong> Aventura, paisajes y comodidad garantizados. <strong>\u00a1Reserva ahora!<\/strong><\/p>\n<\/div><div class=\"fusion-content-boxes content-boxes columns row fusion-columns-3 fusion-columns-total-6 fusion-content-boxes-3 content-boxes-icon-on-top content-left fusion-no-medium-visibility\" style=\"--awb-title-color:var(--awb-color6);--awb-margin-top:30px;--awb-margin-bottom:20px;--awb-hover-accent-color:var(--awb-color8);--awb-circle-hover-accent-color:var(--awb-color8);\" data-animationOffset=\"top-into-view\"><div style=\"--awb-backgroundcolor:rgba(255,255,255,0);\" class=\"fusion-column content-box-column content-box-column content-box-column-1 col-lg-4 col-md-4 col-sm-4 fusion-content-box-hover content-box-column-first-in-row\"><div class=\"col content-box-wrapper content-wrapper link-area-link-icon icon-hover-animation-fade\" data-animationOffset=\"top-into-view\"><div class=\"heading heading-with-icon icon-left\"><div aria-hidden=\"true\" class=\"image\"><img class=\"lazyload\" src=\"data:image\/svg+xml,%3Csvg%20xmlns%3D%27http%3A%2F%2Fwww.w3.org%2F2000%2Fsvg%27%20width%3D%27512%27%20height%3D%27512%27%20viewBox%3D%270%200%20512%20512%27%3E%3Crect%20width%3D%27512%27%20height%3D%27512%27%20fill-opacity%3D%220%22%2F%3E%3C%2Fsvg%3E\" data-orig-src=\"https:\/\/montsecactiva.compsa.net\/wp-content\/uploads\/2023\/05\/icona_guia.png\" width=\"75\" height=\"75\" alt=\"\" \/><\/div><h3 class=\"content-box-heading fusion-responsive-typography-calculated\" style=\"--h3_typography-font-size:21px;--fontSize:21;line-height:1;\">Gu\u00eda<\/h3><\/div><div class=\"fusion-clearfix\"><\/div><div class=\"content-container\">\n<p>Opcional<\/p>\n<\/div><\/div><\/div><div style=\"--awb-backgroundcolor:rgba(255,255,255,0);\" class=\"fusion-column content-box-column content-box-column content-box-column-2 col-lg-4 col-md-4 col-sm-4 fusion-content-box-hover \"><div class=\"col content-box-wrapper content-wrapper link-area-link-icon icon-hover-animation-fade\" data-animationOffset=\"top-into-view\"><div class=\"heading heading-with-icon icon-left\"><div aria-hidden=\"true\" class=\"image\"><img class=\"lazyload\" src=\"data:image\/svg+xml,%3Csvg%20xmlns%3D%27http%3A%2F%2Fwww.w3.org%2F2000%2Fsvg%27%20width%3D%27512%27%20height%3D%27512%27%20viewBox%3D%270%200%20512%20512%27%3E%3Crect%20width%3D%27512%27%20height%3D%27512%27%20fill-opacity%3D%220%22%2F%3E%3C%2Fsvg%3E\" data-orig-src=\"https:\/\/montsecactiva.compsa.net\/wp-content\/uploads\/2023\/05\/icona_distancia_x-2.png\" width=\"75\" height=\"75\" alt=\"\" \/><\/div><h3 class=\"content-box-heading fusion-responsive-typography-calculated\" style=\"--h3_typography-font-size:21px;--fontSize:21;line-height:1;\">Distancia<\/h3><\/div><div class=\"fusion-clearfix\"><\/div><div class=\"content-container\">\n<p>22 KM<\/p>\n<\/div><\/div><\/div><div style=\"--awb-backgroundcolor:rgba(255,255,255,0);\" class=\"fusion-column content-box-column content-box-column content-box-column-3 col-lg-4 col-md-4 col-sm-4 fusion-content-box-hover content-box-column-last-in-row\"><div class=\"col content-box-wrapper content-wrapper link-area-link-icon icon-hover-animation-fade\" data-animationOffset=\"top-into-view\"><div class=\"heading heading-with-icon icon-left\"><div aria-hidden=\"true\" class=\"image\"><img class=\"lazyload\" src=\"data:image\/svg+xml,%3Csvg%20xmlns%3D%27http%3A%2F%2Fwww.w3.org%2F2000%2Fsvg%27%20width%3D%27512%27%20height%3D%27512%27%20viewBox%3D%270%200%20512%20512%27%3E%3Crect%20width%3D%27512%27%20height%3D%27512%27%20fill-opacity%3D%220%22%2F%3E%3C%2Fsvg%3E\" data-orig-src=\"https:\/\/montsecactiva.compsa.net\/wp-content\/uploads\/2023\/05\/icona_velocimetre-1.png\" width=\"75\" height=\"75\" alt=\"\" \/><\/div><h3 class=\"content-box-heading fusion-responsive-typography-calculated\" style=\"--h3_typography-font-size:21px;--fontSize:21;line-height:1;\">Dificultad<\/h3><\/div><div class=\"fusion-clearfix\"><\/div><div class=\"content-container\">\n<p>Alta (1 jornada) &#8211; Media (2 jornadas)<\/p>\n<\/div><\/div><\/div><div style=\"--awb-backgroundcolor:rgba(255,255,255,0);\" class=\"fusion-column content-box-column content-box-column content-box-column-4 col-lg-4 col-md-4 col-sm-4 fusion-content-box-hover content-box-column-first-in-row\"><div class=\"col content-box-wrapper content-wrapper link-area-link-icon icon-hover-animation-fade\" data-animationOffset=\"top-into-view\"><div class=\"heading heading-with-icon icon-left\"><div aria-hidden=\"true\" class=\"image\"><img class=\"lazyload\" src=\"data:image\/svg+xml,%3Csvg%20xmlns%3D%27http%3A%2F%2Fwww.w3.org%2F2000%2Fsvg%27%20width%3D%27512%27%20height%3D%27512%27%20viewBox%3D%270%200%20512%20512%27%3E%3Crect%20width%3D%27512%27%20height%3D%27512%27%20fill-opacity%3D%220%22%2F%3E%3C%2Fsvg%3E\" data-orig-src=\"https:\/\/montsecactiva.compsa.net\/wp-content\/uploads\/2023\/05\/icona_lloguer.png\" width=\"75\" height=\"75\" alt=\"\" \/><\/div><h3 class=\"content-box-heading fusion-responsive-typography-calculated\" style=\"--h3_typography-font-size:21px;--fontSize:21;line-height:1;\">Alquiler<\/h3><\/div><div class=\"fusion-clearfix\"><\/div><div class=\"content-container\">\n<p>Alquiler desde las 10h hasta las 18h<\/p>\n<\/div><\/div><\/div><div style=\"--awb-backgroundcolor:rgba(255,255,255,0);\" class=\"fusion-column content-box-column content-box-column content-box-column-5 col-lg-4 col-md-4 col-sm-4 fusion-content-box-hover \"><div class=\"col content-box-wrapper content-wrapper link-area-link-icon icon-hover-animation-fade\" data-animationOffset=\"top-into-view\"><div class=\"heading heading-with-icon icon-left\"><div aria-hidden=\"true\" class=\"image\"><img class=\"lazyload\" src=\"data:image\/svg+xml,%3Csvg%20xmlns%3D%27http%3A%2F%2Fwww.w3.org%2F2000%2Fsvg%27%20width%3D%27512%27%20height%3D%27512%27%20viewBox%3D%270%200%20512%20512%27%3E%3Crect%20width%3D%27512%27%20height%3D%27512%27%20fill-opacity%3D%220%22%2F%3E%3C%2Fsvg%3E\" data-orig-src=\"https:\/\/montsecactiva.compsa.net\/wp-content\/uploads\/2023\/05\/icona-kayak-1.png\" width=\"75\" height=\"75\" alt=\"\" \/><\/div><h3 class=\"content-box-heading fusion-responsive-typography-calculated\" style=\"--h3_typography-font-size:21px;--fontSize:21;line-height:1;\">Ida<\/h3><\/div><div class=\"fusion-clearfix\"><\/div><div class=\"content-container\">\n<p>Ida con kayak<\/p>\n<\/div><\/div><\/div><div style=\"--awb-backgroundcolor:rgba(255,255,255,0);\" class=\"fusion-column content-box-column content-box-column content-box-column-6 col-lg-4 col-md-4 col-sm-4 fusion-content-box-hover content-box-column-last content-box-column-last-in-row\"><div class=\"col content-box-wrapper content-wrapper link-area-link-icon icon-hover-animation-fade\" data-animationOffset=\"top-into-view\"><div class=\"heading heading-with-icon icon-left\"><div aria-hidden=\"true\" class=\"image\"><img class=\"lazyload\" src=\"data:image\/svg+xml,%3Csvg%20xmlns%3D%27http%3A%2F%2Fwww.w3.org%2F2000%2Fsvg%27%20width%3D%27512%27%20height%3D%27512%27%20viewBox%3D%270%200%20512%20512%27%3E%3Crect%20width%3D%27512%27%20height%3D%27512%27%20fill-opacity%3D%220%22%2F%3E%3C%2Fsvg%3E\" data-orig-src=\"https:\/\/montsecactiva.compsa.net\/wp-content\/uploads\/2023\/05\/icona-kayak-1.png\" width=\"75\" height=\"75\" alt=\"\" \/><\/div><h3 class=\"content-box-heading fusion-responsive-typography-calculated\" style=\"--h3_typography-font-size:21px;--fontSize:21;line-height:1;\">Vuelta<\/h3><\/div><div class=\"fusion-clearfix\"><\/div><div class=\"content-container\">\n<p>Vuelta con kayak<\/p>\n<\/div><\/div><\/div><div class=\"fusion-clearfix\"><\/div><\/div><div class=\"fusion-builder-row fusion-builder-row-inner fusion-row fusion-flex-align-items-flex-start fusion-flex-justify-content-center\" style=\"width:104% !important;max-width:104% !important;margin-left: calc(-4% \/ 2 );margin-right: calc(-4% \/ 2 );\"><div class=\"fusion-layout-column fusion_builder_column_inner fusion-builder-nested-column-4 fusion_builder_column_inner_1_2 1_2 fusion-flex-column\" style=\"--awb-padding-top:30px;--awb-padding-right:30px;--awb-padding-bottom:30px;--awb-padding-left:30px;--awb-overflow:hidden;--awb-bg-image:linear-gradient(180deg, rgba(1,26,93,0.7) 0%,rgba(1,26,93,0.6) 100%);;--awb-bg-position:left center;--awb-bg-size:cover;--awb-box-shadow:1px 1px 5px 0px var(--awb-color6);;--awb-border-radius:25px 0px 25px 0px;--awb-width-large:50%;--awb-margin-top-large:15px;--awb-spacing-right-large:3.84%;--awb-margin-bottom-large:15px;--awb-spacing-left-large:3.84%;--awb-width-medium:50%;--awb-order-medium:0;--awb-spacing-right-medium:3.84%;--awb-spacing-left-medium:3.84%;--awb-width-small:100%;--awb-order-small:0;--awb-spacing-right-small:1.92%;--awb-spacing-left-small:1.92%;\"><div class=\"fusion-column-wrapper lazyload fusion-column-has-shadow fusion-flex-justify-content-flex-start fusion-content-layout-column\" data-bg-url=\"https:\/\/montsecactiva.compsa.net\/wp-content\/uploads\/2023\/05\/Kayak_light_incloure.jpg\" data-bg=\"https:\/\/montsecactiva.compsa.net\/wp-content\/uploads\/2023\/05\/Kayak_light_incloure.jpg\" data-bg-gradient=\"linear-gradient(180deg, rgba(1,26,93,0.7) 0%,rgba(1,26,93,0.6) 100%)\"><div class=\"fusion-text fusion-text-11\" style=\"--awb-content-alignment:left;--awb-text-color:var(--awb-color1);\"><h5 style=\"color: #ffffff;\">\u00bfQu\u00e9 incluye la actividad?<\/h5>\n<\/div><ul style=\"--awb-margin-bottom:33px;--awb-iconcolor:var(--awb-color1);--awb-textcolor:var(--awb-color1);--awb-line-height:23.8px;--awb-icon-width:23.8px;--awb-icon-height:23.8px;--awb-icon-margin:9.8px;--awb-content-margin:33.6px;\" class=\"fusion-checklist fusion-checklist-3 fusion-checklist-default type-icons\"><li class=\"fusion-li-item\" style=\"\"><span class=\"icon-wrapper circle-no\"><i class=\"fusion-li-icon fa-arrow-right fas\" aria-hidden=\"true\"><\/i><\/span><div class=\"fusion-li-item-content\">\n<p>Kayak<\/p>\n<\/div><\/li><li class=\"fusion-li-item\" style=\"\"><span class=\"icon-wrapper circle-no\"><i class=\"fusion-li-icon fa-arrow-right fas\" aria-hidden=\"true\"><\/i><\/span><div class=\"fusion-li-item-content\">\n<p>Pala o remo<\/p>\n<\/div><\/li><li class=\"fusion-li-item\" style=\"\"><span class=\"icon-wrapper circle-no\"><i class=\"fusion-li-icon fa-arrow-right fas\" aria-hidden=\"true\"><\/i><\/span><div class=\"fusion-li-item-content\">\n<p>Chaleco de flotaci\u00f3n<\/p>\n<\/div><\/li><li class=\"fusion-li-item\" style=\"\"><span class=\"icon-wrapper circle-no\"><i class=\"fusion-li-icon fa-arrow-right fas\" aria-hidden=\"true\"><\/i><\/span><div class=\"fusion-li-item-content\">Bote estanco (uno por embarcaci\u00f3n)<\/div><\/li><li class=\"fusion-li-item\" style=\"\"><span class=\"icon-wrapper circle-no\"><i class=\"fusion-li-icon fa-arrow-right fas\" aria-hidden=\"true\"><\/i><\/span><div class=\"fusion-li-item-content\">Casco (congost de Mont-rebei)<\/div><\/li><li class=\"fusion-li-item\" style=\"\"><span class=\"icon-wrapper circle-no\"><i class=\"fusion-li-icon fa-arrow-right fas\" aria-hidden=\"true\"><\/i><\/span><div class=\"fusion-li-item-content\">Explicaci\u00f3n del funcionamiento del kayak<\/div><\/li><\/ul><\/div><\/div><div class=\"fusion-layout-column fusion_builder_column_inner fusion-builder-nested-column-5 fusion_builder_column_inner_1_2 1_2 fusion-flex-column\" style=\"--awb-padding-top:30px;--awb-padding-right:30px;--awb-padding-bottom:30px;--awb-padding-left:30px;--awb-overflow:hidden;--awb-bg-image:linear-gradient(180deg, rgba(1,26,93,0.7) 0%,rgba(1,26,93,0.6) 100%);;--awb-bg-size:cover;--awb-box-shadow:1px 1px 5px 0px var(--awb-color6);;--awb-border-radius:0px 25px 0px 25px;--awb-width-large:50%;--awb-margin-top-large:15px;--awb-spacing-right-large:3.84%;--awb-margin-bottom-large:15px;--awb-spacing-left-large:3.84%;--awb-width-medium:50%;--awb-order-medium:0;--awb-spacing-right-medium:3.84%;--awb-spacing-left-medium:3.84%;--awb-width-small:100%;--awb-order-small:0;--awb-spacing-right-small:1.92%;--awb-spacing-left-small:1.92%;\"><div class=\"fusion-column-wrapper lazyload fusion-column-has-shadow fusion-flex-justify-content-flex-start fusion-content-layout-column\" data-bg-url=\"https:\/\/montsecactiva.compsa.net\/wp-content\/uploads\/2023\/05\/Kayak_light_portar.jpg\" data-bg=\"https:\/\/montsecactiva.compsa.net\/wp-content\/uploads\/2023\/05\/Kayak_light_portar.jpg\" data-bg-gradient=\"linear-gradient(180deg, rgba(1,26,93,0.7) 0%,rgba(1,26,93,0.6) 100%)\"><div class=\"fusion-text fusion-text-12\" style=\"--awb-content-alignment:left;--awb-text-color:var(--awb-color1);\"><h5 style=\"color: #ffffff;\">\u00bfQu\u00e9 debe llevar?<\/h5>\n<\/div><ul style=\"--awb-iconcolor:var(--awb-color1);--awb-textcolor:var(--awb-color1);--awb-line-height:23.8px;--awb-icon-width:23.8px;--awb-icon-height:23.8px;--awb-icon-margin:9.8px;--awb-content-margin:33.6px;\" class=\"fusion-checklist fusion-checklist-4 fusion-checklist-default type-icons\"><li class=\"fusion-li-item\" style=\"\"><span class=\"icon-wrapper circle-no\"><i class=\"fusion-li-icon fa-arrow-right fas\" aria-hidden=\"true\"><\/i><\/span><div class=\"fusion-li-item-content\">Agua o cualquier bebida hidratante<\/div><\/li><li class=\"fusion-li-item\" style=\"\"><span class=\"icon-wrapper circle-no\"><i class=\"fusion-li-icon fa-arrow-right fas\" aria-hidden=\"true\"><\/i><\/span><div class=\"fusion-li-item-content\">Ropa de repuesto \u2013 Es posible que en el trayecto en kayak se moje<\/div><\/li><li class=\"fusion-li-item\" style=\"\"><span class=\"icon-wrapper circle-no\"><i class=\"fusion-li-icon fa-arrow-right fas\" aria-hidden=\"true\"><\/i><\/span><div class=\"fusion-li-item-content\">Sombrero<\/div><\/li><li class=\"fusion-li-item\" style=\"\"><span class=\"icon-wrapper circle-no\"><i class=\"fusion-li-icon fa-arrow-right fas\" aria-hidden=\"true\"><\/i><\/span><div class=\"fusion-li-item-content\">Crema solar<\/div><\/li><li class=\"fusion-li-item\" style=\"\"><span class=\"icon-wrapper circle-no\"><i class=\"fusion-li-icon fa-arrow-right fas\" aria-hidden=\"true\"><\/i><\/span><div class=\"fusion-li-item-content\">Comida (opcional) \u2013 No hay establecimientos durante el trayecto<\/div><\/li><\/ul><div class=\"fusion-separator fusion-full-width-sep\" style=\"align-self: center;margin-left: auto;margin-right: auto;margin-bottom:15px;width:100%;\"><\/div><\/div><\/div><\/div><div class=\"fusion-builder-row fusion-builder-row-inner fusion-row fusion-flex-align-items-flex-start fusion-flex-justify-content-center\" style=\"width:104% !important;max-width:104% !important;margin-left: calc(-4% \/ 2 );margin-right: calc(-4% \/ 2 );\"><div class=\"fusion-layout-column fusion_builder_column_inner fusion-builder-nested-column-6 fusion_builder_column_inner_2_3 2_3 fusion-flex-column\" style=\"--awb-bg-size:cover;--awb-width-large:66.666666666667%;--awb-margin-top-large:15px;--awb-spacing-right-large:2.88%;--awb-margin-bottom-large:15px;--awb-spacing-left-large:2.88%;--awb-width-medium:66.666666666667%;--awb-order-medium:0;--awb-spacing-right-medium:2.88%;--awb-spacing-left-medium:2.88%;--awb-width-small:100%;--awb-order-small:0;--awb-spacing-right-small:1.92%;--awb-spacing-left-small:1.92%;\"><div class=\"fusion-column-wrapper fusion-column-has-shadow fusion-flex-justify-content-flex-start fusion-content-layout-column\"><div class=\"fusion-text fusion-text-13 sm-text-align-center\" style=\"--awb-content-alignment:left;--awb-margin-top:30px;\"><h5>D\u00f3nde comienza la actividad<\/h5>\n<p>Salida desde la Base N\u00e1utica de Cor\u00e7\u00e0 (Embalse de Canelles) &#8211; APARCAMIENTO GRATUITO<\/p>\n<\/div><div class=\"fusion-text fusion-text-14\"><p><iframe style=\"border: 0;\" src=\"https:\/\/www.google.com\/maps\/embed?pb=!1m18!1m12!1m3!1d2963.645041211683!2d0.6626286766348738!3d42.02934655593016!2m3!1f0!2f0!3f0!3m2!1i1024!2i768!4f13.1!3m3!1m2!1s0x12a653cec8d73543%3A0xf373d0538e00f717!2sEmbarcadero%20de%20Cor%C3%A7%C3%A0!5e0!3m2!1ses!2ses!4v1685443173827!5m2!1ses!2ses\" width=\"100%\" height=\"140px\" allowfullscreen=\"allowfullscreen\"><\/iframe><\/p>\n<\/div><\/div><\/div><div class=\"fusion-layout-column fusion_builder_column_inner fusion-builder-nested-column-7 fusion_builder_column_inner_1_3 1_3 fusion-flex-column\" style=\"--awb-bg-size:cover;--awb-width-large:33.333333333333%;--awb-margin-top-large:15px;--awb-spacing-right-large:5.76%;--awb-margin-bottom-large:15px;--awb-spacing-left-large:5.76%;--awb-width-medium:33.333333333333%;--awb-order-medium:0;--awb-spacing-right-medium:5.76%;--awb-spacing-left-medium:5.76%;--awb-width-small:66.666666666667%;--awb-order-small:0;--awb-spacing-right-small:2.88%;--awb-spacing-left-small:2.88%;\"><div class=\"fusion-column-wrapper fusion-column-has-shadow fusion-flex-justify-content-flex-start fusion-content-layout-column\"><div class=\"fusion-text fusion-text-15 sm-text-align-center\" style=\"--awb-content-alignment:left;--awb-margin-top:30px;\"><h5>Conoce los detalles<\/h5>\n<p>\u00a1No te quedes con ninguna duda!<\/p>\n<\/div><div style=\"text-align:center;\"><a class=\"fusion-button button-flat fusion-button-default-size button-default fusion-button-default button-5 fusion-button-default-span fusion-button-default-type\" style=\"--button_text_transform:none;--button_font_size:13px;--button_margin-top:30px;--button_margin-bottom:0px;\" target=\"_self\"><i class=\"fa-long-arrow-alt-down fas button-icon-left\" aria-hidden=\"true\"><\/i><span class=\"fusion-button-text\">Descarga documento con el plano y explicaci\u00f3n del recorrido de la actividad<\/span><\/a><\/div><div style=\"text-align:center;\"><a class=\"fusion-button button-flat fusion-button-default-size button-default fusion-button-default button-6 fusion-button-default-span fusion-button-default-type\" style=\"--button_text_transform:none;--button_font_size:13px;--button_margin-top:0px;--button_margin-bottom:0px;\" target=\"_self\"><i class=\"fa-map-marker-alt fas button-icon-left\" aria-hidden=\"true\"><\/i><span class=\"fusion-button-text\">Ver el itinerario de esta actividad en Google Maps<\/span><\/a><\/div><\/div><\/div><\/div><div class=\"fusion-separator fusion-full-width-sep\" style=\"align-self: center;margin-left: auto;margin-right: auto;margin-top:80px;width:100%;\"><\/div><div class=\"fusion-title title fusion-title-4 fusion-sep-none fusion-title-center fusion-title-text fusion-title-size-one\" style=\"--awb-text-color:var(--awb-color3);\" id=\"reservar\"><h1 class=\"title-heading-center fusion-responsive-typography-calculated\" style=\"margin:0;text-transform:uppercase;--fontSize:85;line-height:var(--awb-typography1-line-height);\">RESERVAR<\/h1><\/div><div class=\"fusion-title title fusion-title-5 fusion-sep-none fusion-title-center fusion-title-text fusion-title-size-two\" style=\"--awb-text-color:var(--awb-color7);--awb-margin-top:-90px;--awb-margin-top-small:-80px;\"><h2 class=\"title-heading-center fusion-responsive-typography-calculated\" style=\"margin:0;text-transform:capitalize;--fontSize:60;line-height:1;\">Reservar<\/h2><\/div><div class=\"fusion-content-boxes content-boxes columns row fusion-columns-1 fusion-columns-total-1 fusion-content-boxes-4 content-boxes-icon-with-title content-left cancelacio-act\" style=\"--awb-backgroundcolor:#ffbfbf;--awb-body-color:#ff6060;--awb-title-color:#ff0000;--awb-iconcolor:#ff0000;--awb-hover-accent-color:#ff0000;--awb-circle-hover-accent-color:transparent;--awb-item-margin-bottom:40px;\" data-animationOffset=\"top-into-view\"><div style=\"--awb-backgroundcolor:#ffbfbf;--awb-iconcolor:#ff0000;\" class=\"fusion-column content-box-column content-box-column content-box-column-1 col-lg-12 col-md-12 col-sm-12 fusion-content-box-hover content-box-column-last content-box-column-last-in-row\"><div class=\"col content-box-wrapper content-wrapper-background link-area-link-icon icon-hover-animation-fade\" data-animationOffset=\"top-into-view\"><div class=\"heading heading-with-icon icon-left\"><div class=\"icon\"><i style=\"background-color:transparent;border-color:transparent;height:auto;width: 32px;line-height:normal;font-size:32px;\" aria-hidden=\"true\" class=\"fontawesome-icon fa-times fas circle-no\"><\/i><\/div><h2 class=\"content-box-heading fusion-responsive-typography-calculated\" style=\"--h2_typography-font-size:30px;--fontSize:30;line-height:1;\">\u00a1ACTIVIDAD CANCELADA!<\/h2><\/div><div class=\"fusion-clearfix\"><\/div><div class=\"content-container\">\n<p>Actualmente y debido al bajo nivel de agua, la actividad de Kayak Muralla de Ventanas, est\u00e1 cancelada.<\/p>\n<\/div><\/div><\/div><div class=\"fusion-clearfix\"><\/div><\/div><\/div><\/div><\/div><\/div><\/p>\n","protected":false},"excerpt":{"rendered":"","protected":false},"author":1,"featured_media":0,"parent":2541,"menu_order":0,"comment_status":"closed","ping_status":"closed","template":"100-width.php","meta":[],"yoast_head":"<!-- This site is optimized with the Yoast SEO plugin v20.8 - https:\/\/yoast.com\/wordpress\/plugins\/seo\/ -->\n<title>Kayak Muralla de Finestres - Montsec Activa<\/title>\n<meta name=\"robots\" content=\"noindex, follow, max-snippet:-1, max-image-preview:large, max-video-preview:-1\" \/>\n<meta property=\"og:locale\" content=\"es_ES\" \/>\n<meta property=\"og:type\" content=\"article\" \/>\n<meta property=\"og:title\" content=\"Kayak Muralla de Finestres - Montsec Activa\" \/>\n<meta property=\"og:url\" content=\"https:\/\/montsecactiva.compsa.net\/es\/actividades\/kayak-muralla-de-finestres\/\" \/>\n<meta property=\"og:site_name\" content=\"Montsec Activa\" \/>\n<meta property=\"article:publisher\" content=\"https:\/\/www.facebook.com\/MontsecActiva\" \/>\n<meta property=\"article:modified_time\" content=\"2023-06-12T09:16:25+00:00\" \/>\n<meta name=\"twitter:card\" content=\"summary_large_image\" \/>\n<meta name=\"twitter:label1\" content=\"Tiempo de lectura\" \/>\n\t<meta name=\"twitter:data1\" content=\"38 minutos\" \/>\n<script type=\"application\/ld+json\" class=\"yoast-schema-graph\">{\"@context\":\"https:\/\/schema.org\",\"@graph\":[{\"@type\":\"WebPage\",\"@id\":\"https:\/\/montsecactiva.compsa.net\/es\/actividades\/kayak-muralla-de-finestres\/\",\"url\":\"https:\/\/montsecactiva.compsa.net\/es\/actividades\/kayak-muralla-de-finestres\/\",\"name\":\"Kayak Muralla de Finestres - Montsec Activa\",\"isPartOf\":{\"@id\":\"https:\/\/montsecactiva.compsa.net\/#website\"},\"datePublished\":\"2023-05-30T12:33:51+00:00\",\"dateModified\":\"2023-06-12T09:16:25+00:00\",\"breadcrumb\":{\"@id\":\"https:\/\/montsecactiva.compsa.net\/es\/actividades\/kayak-muralla-de-finestres\/#breadcrumb\"},\"inLanguage\":\"es\",\"potentialAction\":[{\"@type\":\"ReadAction\",\"target\":[\"https:\/\/montsecactiva.compsa.net\/es\/actividades\/kayak-muralla-de-finestres\/\"]}]},{\"@type\":\"BreadcrumbList\",\"@id\":\"https:\/\/montsecactiva.compsa.net\/es\/actividades\/kayak-muralla-de-finestres\/#breadcrumb\",\"itemListElement\":[{\"@type\":\"ListItem\",\"position\":1,\"name\":\"Inici\",\"item\":\"https:\/\/montsecactiva.compsa.net\/es\/inicio\/\"},{\"@type\":\"ListItem\",\"position\":2,\"name\":\"Actividades\",\"item\":\"https:\/\/montsecactiva.compsa.net\/es\/actividades\/\"},{\"@type\":\"ListItem\",\"position\":3,\"name\":\"Kayak Muralla de Finestres\"}]},{\"@type\":\"WebSite\",\"@id\":\"https:\/\/montsecactiva.compsa.net\/#website\",\"url\":\"https:\/\/montsecactiva.compsa.net\/\",\"name\":\"Montsec Activa\",\"description\":\"Lloguer de kayaks i excursions amb vaixell a Mont-Rebei\",\"publisher\":{\"@id\":\"https:\/\/montsecactiva.compsa.net\/#organization\"},\"potentialAction\":[{\"@type\":\"SearchAction\",\"target\":{\"@type\":\"EntryPoint\",\"urlTemplate\":\"https:\/\/montsecactiva.compsa.net\/?s={search_term_string}\"},\"query-input\":\"required name=search_term_string\"}],\"inLanguage\":\"es\"},{\"@type\":\"Organization\",\"@id\":\"https:\/\/montsecactiva.compsa.net\/#organization\",\"name\":\"Montsec Activa\",\"url\":\"https:\/\/montsecactiva.compsa.net\/\",\"logo\":{\"@type\":\"ImageObject\",\"inLanguage\":\"es\",\"@id\":\"https:\/\/montsecactiva.compsa.net\/#\/schema\/logo\/image\/\",\"url\":\"https:\/\/montsecactiva.compsa.net\/wp-content\/uploads\/2023\/03\/Logo-montsecactiva.png\",\"contentUrl\":\"https:\/\/montsecactiva.compsa.net\/wp-content\/uploads\/2023\/03\/Logo-montsecactiva.png\",\"width\":340,\"height\":156,\"caption\":\"Montsec Activa\"},\"image\":{\"@id\":\"https:\/\/montsecactiva.compsa.net\/#\/schema\/logo\/image\/\"},\"sameAs\":[\"https:\/\/www.facebook.com\/MontsecActiva\",\"https:\/\/www.instagram.com\/montsecactiva\/\"]}]}<\/script>\n<!-- \/ Yoast SEO plugin. -->","yoast_head_json":{"title":"Kayak Muralla de Finestres - Montsec Activa","robots":{"index":"noindex","follow":"follow","max-snippet":"max-snippet:-1","max-image-preview":"max-image-preview:large","max-video-preview":"max-video-preview:-1"},"og_locale":"es_ES","og_type":"article","og_title":"Kayak Muralla de Finestres - Montsec Activa","og_url":"https:\/\/montsecactiva.compsa.net\/es\/actividades\/kayak-muralla-de-finestres\/","og_site_name":"Montsec Activa","article_publisher":"https:\/\/www.facebook.com\/MontsecActiva","article_modified_time":"2023-06-12T09:16:25+00:00","twitter_card":"summary_large_image","twitter_misc":{"Tiempo de lectura":"38 minutos"},"schema":{"@context":"https:\/\/schema.org","@graph":[{"@type":"WebPage","@id":"https:\/\/montsecactiva.compsa.net\/es\/actividades\/kayak-muralla-de-finestres\/","url":"https:\/\/montsecactiva.compsa.net\/es\/actividades\/kayak-muralla-de-finestres\/","name":"Kayak Muralla de Finestres - Montsec Activa","isPartOf":{"@id":"https:\/\/montsecactiva.compsa.net\/#website"},"datePublished":"2023-05-30T12:33:51+00:00","dateModified":"2023-06-12T09:16:25+00:00","breadcrumb":{"@id":"https:\/\/montsecactiva.compsa.net\/es\/actividades\/kayak-muralla-de-finestres\/#breadcrumb"},"inLanguage":"es","potentialAction":[{"@type":"ReadAction","target":["https:\/\/montsecactiva.compsa.net\/es\/actividades\/kayak-muralla-de-finestres\/"]}]},{"@type":"BreadcrumbList","@id":"https:\/\/montsecactiva.compsa.net\/es\/actividades\/kayak-muralla-de-finestres\/#breadcrumb","itemListElement":[{"@type":"ListItem","position":1,"name":"Inici","item":"https:\/\/montsecactiva.compsa.net\/es\/inicio\/"},{"@type":"ListItem","position":2,"name":"Actividades","item":"https:\/\/montsecactiva.compsa.net\/es\/actividades\/"},{"@type":"ListItem","position":3,"name":"Kayak Muralla de Finestres"}]},{"@type":"WebSite","@id":"https:\/\/montsecactiva.compsa.net\/#website","url":"https:\/\/montsecactiva.compsa.net\/","name":"Montsec Activa","description":"Lloguer de kayaks i excursions amb vaixell a Mont-Rebei","publisher":{"@id":"https:\/\/montsecactiva.compsa.net\/#organization"},"potentialAction":[{"@type":"SearchAction","target":{"@type":"EntryPoint","urlTemplate":"https:\/\/montsecactiva.compsa.net\/?s={search_term_string}"},"query-input":"required name=search_term_string"}],"inLanguage":"es"},{"@type":"Organization","@id":"https:\/\/montsecactiva.compsa.net\/#organization","name":"Montsec Activa","url":"https:\/\/montsecactiva.compsa.net\/","logo":{"@type":"ImageObject","inLanguage":"es","@id":"https:\/\/montsecactiva.compsa.net\/#\/schema\/logo\/image\/","url":"https:\/\/montsecactiva.compsa.net\/wp-content\/uploads\/2023\/03\/Logo-montsecactiva.png","contentUrl":"https:\/\/montsecactiva.compsa.net\/wp-content\/uploads\/2023\/03\/Logo-montsecactiva.png","width":340,"height":156,"caption":"Montsec Activa"},"image":{"@id":"https:\/\/montsecactiva.compsa.net\/#\/schema\/logo\/image\/"},"sameAs":["https:\/\/www.facebook.com\/MontsecActiva","https:\/\/www.instagram.com\/montsecactiva\/"]}]}},"_links":{"self":[{"href":"https:\/\/montsecactiva.compsa.net\/es\/wp-json\/wp\/v2\/pages\/2572"}],"collection":[{"href":"https:\/\/montsecactiva.compsa.net\/es\/wp-json\/wp\/v2\/pages"}],"about":[{"href":"https:\/\/montsecactiva.compsa.net\/es\/wp-json\/wp\/v2\/types\/page"}],"author":[{"embeddable":true,"href":"https:\/\/montsecactiva.compsa.net\/es\/wp-json\/wp\/v2\/users\/1"}],"replies":[{"embeddable":true,"href":"https:\/\/montsecactiva.compsa.net\/es\/wp-json\/wp\/v2\/comments?post=2572"}],"version-history":[{"count":4,"href":"https:\/\/montsecactiva.compsa.net\/es\/wp-json\/wp\/v2\/pages\/2572\/revisions"}],"predecessor-version":[{"id":3065,"href":"https:\/\/montsecactiva.compsa.net\/es\/wp-json\/wp\/v2\/pages\/2572\/revisions\/3065"}],"up":[{"embeddable":true,"href":"https:\/\/montsecactiva.compsa.net\/es\/wp-json\/wp\/v2\/pages\/2541"}],"wp:attachment":[{"href":"https:\/\/montsecactiva.compsa.net\/es\/wp-json\/wp\/v2\/media?parent=2572"}],"curies":[{"name":"wp","href":"https:\/\/api.w.org\/{rel}","templated":true}]}}